{"id":8145,"date":"2025-06-10T12:20:50","date_gmt":"2025-06-10T10:20:50","guid":{"rendered":"http:\/\/www.mediazionelinguistica.it\/?page_id=8145"},"modified":"2026-04-03T15:22:13","modified_gmt":"2026-04-03T13:22:13","slug":"open-day-laurea-triennale-in-scienze-della-mediazione-linguistica","status":"publish","type":"page","link":"https:\/\/www.mediazionelinguistica.it\/en\/open-day-laurea-triennale-in-scienze-della-mediazione-linguistica\/","title":{"rendered":"Open Day Laurea Triennale in Scienze della Mediazione Linguistica"},"content":{"rendered":"[vc_row type=&#8221;full_width_background&#8221; full_screen_row_position=&#8221;middle&#8221; column_margin=&#8221;default&#8221; column_direction=&#8221;default&#8221; column_direction_tablet=&#8221;default&#8221; column_direction_phone=&#8221;default&#8221; bg_color=&#8221;#f6eeea&#8221; bg_image=&#8221;133&#8243; bg_image_tablet=&#8221;139&#8243; bg_image_phone=&#8221;142&#8243; bg_position=&#8221;center bottom&#8221; background_image_loading=&#8221;default&#8221; bg_repeat=&#8221;no-repeat&#8221; scene_position=&#8221;center&#8221; top_padding=&#8221;8%&#8221; bottom_padding=&#8221;10%&#8221; bottom_padding_phone=&#8221;20%&#8221; bottom_margin=&#8221;-5px&#8221; text_color=&#8221;dark&#8221; text_align=&#8221;left&#8221; row_border_radius=&#8221;none&#8221; row_border_radius_applies=&#8221;bg&#8221; overflow=&#8221;visible&#8221; advanced_gradient_angle=&#8221;0&#8243; overlay_strength=&#8221;0.3&#8243; gradient_direction=&#8221;left_to_right&#8221; shape_divider_position=&#8221;bottom&#8221; bg_image_animation=&#8221;none&#8221; gradient_type=&#8221;default&#8221; shape_type=&#8221;&#8221;][vc_column column_padding=&#8221;no-extra-padding&#8221; column_padding_tablet=&#8221;inherit&#8221; column_padding_phone=&#8221;inherit&#8221; column_padding_position=&#8221;all&#8221; column_element_spacing=&#8221;default&#8221; background_color_opacity=&#8221;1&#8243; background_hover_color_opacity=&#8221;1&#8243; column_shadow=&#8221;none&#8221; column_border_radius=&#8221;none&#8221; column_link_target=&#8221;_self&#8221; column_position=&#8221;default&#8221; gradient_direction=&#8221;left_to_right&#8221; overlay_strength=&#8221;0.3&#8243; width=&#8221;1\/6&#8243; tablet_width_inherit=&#8221;default&#8221; tablet_text_alignment=&#8221;default&#8221; phone_text_alignment=&#8221;default&#8221; animation_type=&#8221;default&#8221; bg_image_animation=&#8221;none&#8221; border_type=&#8221;simple&#8221; column_border_width=&#8221;none&#8221; column_border_style=&#8221;solid&#8221;][\/vc_column][vc_column column_padding=&#8221;no-extra-padding&#8221; column_padding_tablet=&#8221;inherit&#8221; column_padding_phone=&#8221;inherit&#8221; column_padding_position=&#8221;all&#8221; column_element_spacing=&#8221;default&#8221; background_color_opacity=&#8221;1&#8243; background_hover_color_opacity=&#8221;1&#8243; column_shadow=&#8221;none&#8221; column_border_radius=&#8221;none&#8221; column_link_target=&#8221;_self&#8221; column_position=&#8221;default&#8221; gradient_direction=&#8221;left_to_right&#8221; overlay_strength=&#8221;0.3&#8243; width=&#8221;2\/3&#8243; tablet_width_inherit=&#8221;default&#8221; tablet_text_alignment=&#8221;default&#8221; phone_text_alignment=&#8221;default&#8221; animation_type=&#8221;default&#8221; bg_image_animation=&#8221;none&#8221; border_type=&#8221;simple&#8221; column_border_width=&#8221;none&#8221; column_border_style=&#8221;solid&#8221;][vc_column_text]\n<h1><span style=\"color: #000000;\">Laurea triennale in <span style=\"color: #cf1315;\">Scienze della Mediazione Linguistica a Pisa<\/span><\/span><\/h1>\n<p>Il corso di laurea che<strong> non si limita a insegnarti perfettamente le lingue<\/strong>, ma costruisce la tua carriera internazionale in ambiti come:<br \/>\n<strong>Marketing e Comunicazione<\/strong>, <strong>Fashion e Luxury Export Management<\/strong>, <strong>Management del Turismo Sostenibile<\/strong>, <strong>Traduzione Multimediale e Audiovisiva<\/strong>.<\/p>\n<h3><span style=\"color: #cf1315;\">Partecipa all&#8217;Open day di Aprile<\/span><\/h3>\n<h3>21 Aprile | ore 17:00 | In Sede e Online<\/h3>\n[\/vc_column_text][nectar_btn size=&#8221;large&#8221; button_style=&#8221;regular&#8221; button_color_2=&#8221;Accent-Color&#8221; icon_family=&#8221;none&#8221; text=&#8221;ISCRIVITI&#8221; url=&#8221;#openday&#8221; margin_left=&#8221;2&#8243; margin_right=&#8221;2&#8243; margin_top=&#8221;1&#8243; margin_bottom=&#8221;1&#8243;][\/vc_column][vc_column column_padding=&#8221;no-extra-padding&#8221; column_padding_tablet=&#8221;inherit&#8221; column_padding_phone=&#8221;inherit&#8221; column_padding_position=&#8221;all&#8221; column_element_spacing=&#8221;default&#8221; background_color_opacity=&#8221;1&#8243; background_hover_color_opacity=&#8221;1&#8243; column_shadow=&#8221;none&#8221; column_border_radius=&#8221;none&#8221; column_link_target=&#8221;_self&#8221; column_position=&#8221;default&#8221; gradient_direction=&#8221;left_to_right&#8221; overlay_strength=&#8221;0.3&#8243; width=&#8221;1\/6&#8243; tablet_width_inherit=&#8221;default&#8221; tablet_text_alignment=&#8221;default&#8221; phone_text_alignment=&#8221;default&#8221; animation_type=&#8221;default&#8221; bg_image_animation=&#8221;none&#8221; border_type=&#8221;simple&#8221; column_border_width=&#8221;none&#8221; column_border_style=&#8221;solid&#8221;][\/vc_column][\/vc_row][vc_row type=&#8221;in_container&#8221; full_screen_row_position=&#8221;middle&#8221; column_margin=&#8221;default&#8221; column_direction=&#8221;default&#8221; column_direction_tablet=&#8221;default&#8221; column_direction_phone=&#8221;default&#8221; scene_position=&#8221;center&#8221; text_color=&#8221;dark&#8221; text_align=&#8221;left&#8221; row_border_radius=&#8221;none&#8221; row_border_radius_applies=&#8221;bg&#8221; overflow=&#8221;visible&#8221; overlay_strength=&#8221;0.3&#8243; gradient_direction=&#8221;left_to_right&#8221; shape_divider_position=&#8221;bottom&#8221; bg_image_animation=&#8221;none&#8221;][vc_column column_padding=&#8221;no-extra-padding&#8221; column_padding_tablet=&#8221;inherit&#8221; column_padding_phone=&#8221;inherit&#8221; column_padding_position=&#8221;all&#8221; column_element_spacing=&#8221;default&#8221; background_color_opacity=&#8221;1&#8243; background_hover_color_opacity=&#8221;1&#8243; column_shadow=&#8221;none&#8221; column_border_radius=&#8221;none&#8221; column_link_target=&#8221;_self&#8221; column_position=&#8221;default&#8221; gradient_direction=&#8221;left_to_right&#8221; overlay_strength=&#8221;0.3&#8243; width=&#8221;1\/1&#8243; tablet_width_inherit=&#8221;default&#8221; tablet_text_alignment=&#8221;default&#8221; phone_text_alignment=&#8221;default&#8221; animation_type=&#8221;default&#8221; bg_image_animation=&#8221;none&#8221; border_type=&#8221;simple&#8221; column_border_width=&#8221;none&#8221; column_border_style=&#8221;solid&#8221;][divider line_type=&#8221;No Line&#8221;][vc_column_text]\n<p style=\"text-align: center;\"><span style=\"color: #cf1523;\"><em><b>Universit\u00e0?\u00a0 Inizia a pensarci adesso.<\/b><\/em><\/span><\/p>\n<h2 style=\"text-align: center;\"><span style=\"color: #cf1523;\">Studia mediazione linguistica a Pisa<\/span><br \/>\nScopri i 5 piani di studio<\/h2>\n[\/vc_column_text][toggles style=&#8221;minimal&#8221;][toggle color=&#8221;Accent-Color&#8221; title=&#8221;Marketing e Comunicazione&#8221;][image_with_animation image_url=&#8221;450&#8243; image_size=&#8221;medium&#8221; animation_type=&#8221;entrance&#8221; animation=&#8221;Fade In&#8221; hover_animation=&#8221;none&#8221; alignment=&#8221;&#8221; border_radius=&#8221;none&#8221; box_shadow=&#8221;none&#8221; image_loading=&#8221;default&#8221; max_width=&#8221;100%&#8221; max_width_mobile=&#8221;default&#8221;][vc_column_text]\n<p class=\"p1\">Gli studenti che scelgono questo indirizzo diventano\u00a0<b>esperti nelle lingue straniere con la potenza del know-how negli ambiti della digital communication e del social media marketing.<\/b><\/p>\n<p class=\"p1\">Saranno in grado di utilizzare gli strumenti della comunicazione interlinguistica, su cui si basa tradizionalmente la promozione di beni e servizi, con particolare focus sui linguaggi dei media digitali. Il web e in particolare i social media, infatti, sono diventati strumenti imprescindibili nella comunicazione istituzionale, promozionale e di prodotto di ogni impresa. Lo studente\u00a0<b>conoscer\u00e0 il mercato della comunicazione e delle relazioni pubbliche, italiano ed estero, comprendendone le dinamiche.<\/b><\/p>\n[\/vc_column_text][nectar_btn size=&#8221;large&#8221; button_style=&#8221;regular&#8221; button_color_2=&#8221;Accent-Color&#8221; icon_family=&#8221;none&#8221; text=&#8221;PARTECIPA ALL&#8217;OPEN DAY&#8221; url=&#8221;#openday&#8221; margin_left=&#8221;2&#8243; margin_right=&#8221;2&#8243; margin_top=&#8221;1&#8243; margin_bottom=&#8221;1&#8243;][\/toggle][toggle color=&#8221;Accent-Color&#8221; title=&#8221;Fashion &amp; Luxury Export Management&#8221;][image_with_animation image_url=&#8221;447&#8243; image_size=&#8221;medium&#8221; animation_type=&#8221;entrance&#8221; animation=&#8221;Fade In&#8221; hover_animation=&#8221;none&#8221; alignment=&#8221;&#8221; border_radius=&#8221;none&#8221; box_shadow=&#8221;none&#8221; image_loading=&#8221;default&#8221; max_width=&#8221;100%&#8221; max_width_mobile=&#8221;default&#8221;][vc_column_text]\n<p class=\"p1\"><span class=\"s1\">Gli studenti che scelgono questo indirizzo diventano\u00a0<b>esperti\u00a0<\/b>nelle\u00a0<b>lingue straniere<\/b>\u00a0con la potenza del know-how negli ambiti del marketing e della comunicazione con focus sui beni di lusso e sulle strategie di export management.<\/span><\/p>\n<p class=\"p1\"><span class=\"s1\">Possono aspirare a lavorare nel mondo della\u00a0<b>moda<\/b>, del\u00a0<b>fashion<\/b>, del\u00a0<b><i>luxury lifestyle<\/i><\/b>\u00a0avendo capacit\u00e0 manageriali utili agli\u00a0<b>uffici Export<\/b>,\u00a0<b>Comunicazione\u00a0<\/b>ed\u00a0<b>Eventi<\/b>.<\/span><\/p>\n[\/vc_column_text][nectar_btn size=&#8221;large&#8221; button_style=&#8221;regular&#8221; button_color_2=&#8221;Accent-Color&#8221; icon_family=&#8221;none&#8221; text=&#8221;PARTECIPA ALL&#8217;OPEN DAY&#8221; url=&#8221;#openday&#8221; margin_left=&#8221;2&#8243; margin_right=&#8221;2&#8243; margin_top=&#8221;1&#8243; margin_bottom=&#8221;1&#8243;][\/toggle][toggle color=&#8221;Accent-Color&#8221; title=&#8221;Management del Turismo Sostenibile&#8221;][image_with_animation image_url=&#8221;3691&#8243; image_size=&#8221;medium&#8221; animation_type=&#8221;entrance&#8221; animation=&#8221;Fade In&#8221; hover_animation=&#8221;none&#8221; alignment=&#8221;&#8221; border_radius=&#8221;none&#8221; box_shadow=&#8221;none&#8221; image_loading=&#8221;default&#8221; max_width=&#8221;100%&#8221; max_width_mobile=&#8221;default&#8221;][vc_column_text]\n<p class=\"p1\"><span class=\"s1\"><b>Il turismo \u00e8 uno dei settori trainanti per l\u2019economia italiana<\/b>\u00a0e questo grazie all\u2019 enorme patrimonio artistico, naturalistico e culturale che abbiamo il privilegio di ospitare nel nostro Paese.<\/span><\/p>\n<p class=\"p2\"><span class=\"s2\">Tale patrimonio va valorizzato e tutelato e\u00a0<b>il tema della sostenibilit\u00e0 diventa quindi centrale<\/b>\u00a0per le figure professionali del futuro anche e, soprattutto, nel settore turistico.<\/span><\/p>\n<p class=\"p2\"><span class=\"s2\">Il Piano di Studi mira a formare\u00a0<strong>esperti linguistici<\/strong>\u00a0con una conoscenza del settore turistico in ambito\u00a0<strong>economico<\/strong>,\u00a0<strong>comunicazione<\/strong>\u00a0e\u00a0<strong>marketing<\/strong>, in grado di analizzare, progettare e implementare politiche turistiche in un\u2019<strong>ottica di sostenibilit\u00e0<\/strong>.<\/span><\/p>\n[\/vc_column_text][nectar_btn size=&#8221;large&#8221; button_style=&#8221;regular&#8221; button_color_2=&#8221;Accent-Color&#8221; icon_family=&#8221;none&#8221; text=&#8221;PARTECIPA ALL&#8217;OPEN DAY&#8221; url=&#8221;#openday&#8221; margin_left=&#8221;2&#8243; margin_right=&#8221;2&#8243; margin_top=&#8221;1&#8243; margin_bottom=&#8221;1&#8243;][\/toggle][toggle color=&#8221;Accent-Color&#8221; title=&#8221;Traduzione Multimediale e Audiovisiva&#8221;][image_with_animation image_url=&#8221;457&#8243; image_size=&#8221;medium&#8221; animation_type=&#8221;entrance&#8221; animation=&#8221;Fade In&#8221; hover_animation=&#8221;none&#8221; alignment=&#8221;&#8221; border_radius=&#8221;none&#8221; box_shadow=&#8221;none&#8221; image_loading=&#8221;default&#8221; max_width=&#8221;100%&#8221; max_width_mobile=&#8221;default&#8221;][vc_column_text]\n<p class=\"p1\">Gli studenti che scelgono questo indirizzo divengono\u00a0<strong>interpreti e traduttori professionisti<\/strong>. Il percorso universitario \u00e8 articolato in modo da fornire loro strumenti e\u00a0<strong>competenze ancora pi\u00f9 specializzate<\/strong>\u00a0nelle tecniche di mediazione linguistica sia scritta che orale attraverso\u00a0<strong>insegnamenti<\/strong>\u00a0e\u00a0<strong>laboratori<\/strong>\u00a0che hanno l\u2019obiettivo di rafforzare ancora di pi\u00f9 le competenze in\u00a0<strong>interpretazione simultanea<\/strong>\u00a0e\u00a0<strong>traduzione dei prodotti audiovisivi<\/strong>\u00a0(Film, serie Tv, documentari, video games).<\/p>\n[\/vc_column_text][nectar_btn size=&#8221;large&#8221; button_style=&#8221;regular&#8221; button_color_2=&#8221;Accent-Color&#8221; icon_family=&#8221;none&#8221; text=&#8221;PARTECIPA ALL&#8217;OPEN DAY&#8221; url=&#8221;#openday&#8221; margin_left=&#8221;2&#8243; margin_right=&#8221;2&#8243; margin_top=&#8221;1&#8243; margin_bottom=&#8221;1&#8243;][\/toggle][toggle color=&#8221;Accent-Color&#8221; title=&#8221;Relazioni internazionali e diplomatiche&#8221;][image_with_animation image_url=&#8221;454&#8243; image_size=&#8221;medium&#8221; animation_type=&#8221;entrance&#8221; animation=&#8221;Fade In&#8221; hover_animation=&#8221;none&#8221; alignment=&#8221;&#8221; border_radius=&#8221;none&#8221; box_shadow=&#8221;none&#8221; image_loading=&#8221;default&#8221; max_width=&#8221;100%&#8221; max_width_mobile=&#8221;default&#8221;][vc_column_text]\n<p class=\"p1\">Gli studenti che scelgono questo indirizzo diventano\u00a0<strong>esperti nelle lingue straniere, interpreti e traduttori per le Organizzazioni Internazionali e Diplomatiche<\/strong>. Grazie agli insegnamenti specifici di questo indirizzo lo studente prender\u00e0 consapevolezza della realt\u00e0 delle organizzazioni internazionali e delle leggi che le governano con particolare focus sulla comunit\u00e0 europea.\u00a0 Le discipline e i laboratori linguistico \u2013 tecnici saranno integrati da discipline giuridiche, sociologiche e delle scienze politiche che permetteranno al mediatore linguistico di\u00a0<strong>gestire collaborazioni con l\u2019estero<\/strong>, di\u00a0<strong>attuare programmi di cooperazione internazionale per lo sviluppo\u00a0<\/strong>e di\u00a0<strong>curare rapporti diplomatici per la sicurezza e per la pace<\/strong>.<\/p>\n[\/vc_column_text][nectar_btn size=&#8221;large&#8221; button_style=&#8221;regular&#8221; button_color_2=&#8221;Accent-Color&#8221; icon_family=&#8221;none&#8221; text=&#8221;PARTECIPA ALL&#8217;OPEN DAY&#8221; url=&#8221;#openday&#8221; margin_left=&#8221;2&#8243; margin_right=&#8221;2&#8243; margin_top=&#8221;1&#8243; margin_bottom=&#8221;1&#8243;][\/toggle][\/toggles][divider line_type=&#8221;No Line&#8221;][\/vc_column][\/vc_row][vc_row type=&#8221;full_width_background&#8221; full_screen_row_position=&#8221;middle&#8221; column_margin=&#8221;default&#8221; equal_height=&#8221;yes&#8221; content_placement=&#8221;middle&#8221; column_direction=&#8221;default&#8221; column_direction_tablet=&#8221;default&#8221; column_direction_phone=&#8221;default&#8221; bg_color=&#8221;#f6eeea&#8221; scene_position=&#8221;center&#8221; top_padding=&#8221;2,5%&#8221; bottom_padding=&#8221;2,5%&#8221; bottom_padding_phone=&#8221;20%&#8221; bottom_margin=&#8221;0&#8243; text_color=&#8221;light&#8221; text_align=&#8221;left&#8221; row_border_radius=&#8221;none&#8221; row_border_radius_applies=&#8221;bg&#8221; overflow=&#8221;visible&#8221; id=&#8221;stage&#8221; advanced_gradient_angle=&#8221;0&#8243; overlay_strength=&#8221;0.3&#8243; gradient_direction=&#8221;left_to_right&#8221; shape_divider_position=&#8221;bottom&#8221; bg_image_animation=&#8221;none&#8221; gradient_type=&#8221;default&#8221; shape_type=&#8221;&#8221;][vc_column column_padding=&#8221;no-extra-padding&#8221; column_padding_tablet=&#8221;inherit&#8221; column_padding_phone=&#8221;inherit&#8221; column_padding_position=&#8221;all&#8221; column_element_spacing=&#8221;default&#8221; background_color_opacity=&#8221;1&#8243; background_hover_color_opacity=&#8221;1&#8243; column_shadow=&#8221;none&#8221; column_border_radius=&#8221;none&#8221; column_link_target=&#8221;_self&#8221; column_position=&#8221;default&#8221; advanced_gradient_angle=&#8221;0&#8243; gradient_direction=&#8221;left_to_right&#8221; overlay_strength=&#8221;0.3&#8243; width=&#8221;1\/1&#8243; tablet_width_inherit=&#8221;default&#8221; tablet_text_alignment=&#8221;default&#8221; phone_text_alignment=&#8221;default&#8221; animation_type=&#8221;default&#8221; bg_image_animation=&#8221;none&#8221; border_type=&#8221;simple&#8221; column_border_width=&#8221;none&#8221; column_border_style=&#8221;solid&#8221; gradient_type=&#8221;default&#8221;][vc_column_text]\n<h2 style=\"text-align: center;\"><span style=\"color: #000000;\">Testimonianze sui nostri stage<\/span><\/h2>\n[\/vc_column_text][vc_column_text]\n<p style=\"text-align: left;\"><span style=\"color: #000000;\"><strong>In SSML Pisa<\/strong> crediamo sia essenziale svolgere uno stage durante il percorso di studi triennale. L&#8217;istituto sostiene attivamente la scelta mettendo a disposizione <strong>l&#8217;ufficio di <\/strong><strong>Career Service <\/strong>per individuare, insieme allo studente, l\u2019esperienza formativa che meglio si accorda con le sue competenze e inclinazioni personali, sia in contesti nazionali che internazionali.<\/span><\/p>\n[\/vc_column_text][carousel script=&#8221;owl_carousel&#8221; desktop_cols=&#8221;1&#8243; desktop_small_cols=&#8221;1&#8243; tablet_cols=&#8221;1&#8243; mobile_cols=&#8221;1&#8243; column_padding=&#8221;0&#8243; autorotation_speed=&#8221;1600&#8243;][item simple_slider_bg_image_position=&#8221;default&#8221; simple_slider_overlay_strength=&#8221;0.3&#8243; simple_slider_bg_image_loading=&#8221;default&#8221; id=&#8221;1754665400654-7&#8243; tab_id=&#8221;1754665400654-2&#8243; title=&#8221;Item&#8221;][vc_video link=&#8221;https:\/\/youtu.be\/jVLQiC2YRIo&#8221; align=&#8221;center&#8221;][\/item][item simple_slider_bg_image_position=&#8221;default&#8221; simple_slider_overlay_strength=&#8221;0.3&#8243; simple_slider_bg_image_loading=&#8221;default&#8221; id=&#8221;1754665400683-4&#8243; tab_id=&#8221;1754665400683-8&#8243; title=&#8221;Item&#8221;][vc_video link=&#8221;https:\/\/youtu.be\/d6U-jC2W-po&#8221; align=&#8221;center&#8221;][\/item][item simple_slider_bg_image_position=&#8221;default&#8221; simple_slider_overlay_strength=&#8221;0.3&#8243; simple_slider_bg_image_loading=&#8221;default&#8221; id=&#8221;1754665400694-4&#8243; tab_id=&#8221;1754665400694-0&#8243; title=&#8221;Item&#8221;][vc_video link=&#8221;https:\/\/youtu.be\/hZPlcGCpUCo&#8221; align=&#8221;center&#8221;][\/item][item simple_slider_bg_image_position=&#8221;default&#8221; simple_slider_overlay_strength=&#8221;0.3&#8243; simple_slider_bg_image_loading=&#8221;default&#8221; id=&#8221;1754665400699-6&#8243; tab_id=&#8221;1754665400700-7&#8243; title=&#8221;Item&#8221;][vc_video link=&#8221;https:\/\/youtu.be\/t30IpSRzygk&#8221; align=&#8221;center&#8221;][\/item][\/carousel][vc_row_inner column_margin=&#8221;default&#8221; column_direction=&#8221;default&#8221; column_direction_tablet=&#8221;default&#8221; column_direction_phone=&#8221;default&#8221; text_align=&#8221;left&#8221; row_position=&#8221;default&#8221; row_position_tablet=&#8221;inherit&#8221; row_position_phone=&#8221;inherit&#8221; overflow=&#8221;visible&#8221; pointer_events=&#8221;all&#8221;][vc_column_inner column_padding=&#8221;no-extra-padding&#8221; column_padding_tablet=&#8221;inherit&#8221; column_padding_phone=&#8221;inherit&#8221; column_padding_position=&#8221;all&#8221; column_element_spacing=&#8221;default&#8221; centered_text=&#8221;true&#8221; background_color_opacity=&#8221;1&#8243; background_hover_color_opacity=&#8221;1&#8243; column_shadow=&#8221;none&#8221; column_border_radius=&#8221;none&#8221; column_link_target=&#8221;_self&#8221; advanced_gradient_angle=&#8221;0&#8243; gradient_direction=&#8221;left_to_right&#8221; overlay_strength=&#8221;0.3&#8243; width=&#8221;1\/1&#8243; tablet_width_inherit=&#8221;default&#8221; animation_type=&#8221;default&#8221; bg_image_animation=&#8221;none&#8221; border_type=&#8221;simple&#8221; column_border_width=&#8221;none&#8221; column_border_style=&#8221;solid&#8221; gradient_type=&#8221;default&#8221;][divider line_type=&#8221;No Line&#8221;][nectar_btn size=&#8221;large&#8221; button_style=&#8221;regular&#8221; button_color_2=&#8221;Accent-Color&#8221; icon_family=&#8221;none&#8221; text=&#8221;PARTECIPA ALL&#8217;OPEN DAY&#8221; url=&#8221;#openday&#8221; margin_left=&#8221;2&#8243; margin_right=&#8221;2&#8243; margin_top=&#8221;1&#8243; margin_bottom=&#8221;1&#8243;][\/vc_column_inner][\/vc_row_inner][\/vc_column][\/vc_row][vc_row type=&#8221;full_width_background&#8221; full_screen_row_position=&#8221;middle&#8221; column_margin=&#8221;default&#8221; column_direction=&#8221;default&#8221; column_direction_tablet=&#8221;default&#8221; column_direction_phone=&#8221;default&#8221; bg_color=&#8221;#ffffff&#8221; scene_position=&#8221;center&#8221; constrain_group_1=&#8221;yes&#8221; bottom_padding_phone=&#8221;20%&#8221; text_color=&#8221;dark&#8221; text_align=&#8221;center&#8221; row_border_radius=&#8221;none&#8221; row_border_radius_applies=&#8221;bg&#8221; overflow=&#8221;visible&#8221; disable_element=&#8221;yes&#8221; advanced_gradient_angle=&#8221;0&#8243; overlay_strength=&#8221;0.3&#8243; gradient_direction=&#8221;left_to_right&#8221; shape_divider_position=&#8221;bottom&#8221; bg_image_animation=&#8221;none&#8221; gradient_type=&#8221;default&#8221; shape_type=&#8221;&#8221;][vc_column column_padding=&#8221;no-extra-padding&#8221; column_padding_tablet=&#8221;inherit&#8221; column_padding_phone=&#8221;inherit&#8221; column_padding_position=&#8221;all&#8221; column_element_spacing=&#8221;default&#8221; background_color_opacity=&#8221;1&#8243; background_hover_color_opacity=&#8221;1&#8243; column_shadow=&#8221;none&#8221; column_border_radius=&#8221;none&#8221; column_link_target=&#8221;_self&#8221; column_position=&#8221;default&#8221; gradient_direction=&#8221;left_to_right&#8221; overlay_strength=&#8221;0.3&#8243; width=&#8221;1\/12&#8243; tablet_width_inherit=&#8221;default&#8221; tablet_text_alignment=&#8221;default&#8221; phone_text_alignment=&#8221;default&#8221; animation_type=&#8221;default&#8221; bg_image_animation=&#8221;none&#8221; border_type=&#8221;simple&#8221; column_border_width=&#8221;none&#8221; column_border_style=&#8221;solid&#8221;][\/vc_column][vc_column column_padding=&#8221;no-extra-padding&#8221; column_padding_tablet=&#8221;inherit&#8221; column_padding_phone=&#8221;inherit&#8221; column_padding_position=&#8221;all&#8221; bottom_margin=&#8221;-50px&#8221; column_element_spacing=&#8221;default&#8221; background_color_opacity=&#8221;1&#8243; background_hover_color_opacity=&#8221;1&#8243; column_shadow=&#8221;none&#8221; column_border_radius=&#8221;none&#8221; column_link_target=&#8221;_self&#8221; column_position=&#8221;default&#8221; advanced_gradient_angle=&#8221;0&#8243; gradient_direction=&#8221;left_to_right&#8221; overlay_strength=&#8221;0.3&#8243; width=&#8221;10\/12&#8243; tablet_width_inherit=&#8221;default&#8221; tablet_text_alignment=&#8221;default&#8221; phone_text_alignment=&#8221;default&#8221; animation_type=&#8221;default&#8221; bg_image_animation=&#8221;none&#8221; border_type=&#8221;simple&#8221; column_border_width=&#8221;none&#8221; column_border_style=&#8221;solid&#8221; gradient_type=&#8221;default&#8221;][image_with_animation image_url=&#8221;525&#8243; image_size=&#8221;full&#8221; animation_type=&#8221;entrance&#8221; animation=&#8221;Fade In&#8221; hover_animation=&#8221;none&#8221; alignment=&#8221;center&#8221; border_radius=&#8221;none&#8221; box_shadow=&#8221;none&#8221; image_loading=&#8221;default&#8221; max_width=&#8221;110%&#8221; max_width_mobile=&#8221;default&#8221;][\/vc_column][vc_column column_padding=&#8221;no-extra-padding&#8221; column_padding_tablet=&#8221;inherit&#8221; column_padding_phone=&#8221;inherit&#8221; column_padding_position=&#8221;all&#8221; column_element_spacing=&#8221;default&#8221; background_color_opacity=&#8221;1&#8243; background_hover_color_opacity=&#8221;1&#8243; column_shadow=&#8221;none&#8221; column_border_radius=&#8221;none&#8221; column_link_target=&#8221;_self&#8221; column_position=&#8221;default&#8221; gradient_direction=&#8221;left_to_right&#8221; overlay_strength=&#8221;0.3&#8243; width=&#8221;1\/12&#8243; tablet_width_inherit=&#8221;default&#8221; tablet_text_alignment=&#8221;default&#8221; phone_text_alignment=&#8221;default&#8221; animation_type=&#8221;default&#8221; bg_image_animation=&#8221;none&#8221; border_type=&#8221;simple&#8221; column_border_width=&#8221;none&#8221; column_border_style=&#8221;solid&#8221;][\/vc_column][\/vc_row][vc_row type=&#8221;full_width_background&#8221; full_screen_row_position=&#8221;middle&#8221; column_margin=&#8221;default&#8221; column_direction=&#8221;default&#8221; column_direction_tablet=&#8221;default&#8221; column_direction_phone=&#8221;default&#8221; bg_color=&#8221;#ffffff&#8221; full_height=&#8221;yes&#8221; scene_position=&#8221;center&#8221; top_padding=&#8221;0&#8243; constrain_group_1=&#8221;yes&#8221; bottom_padding=&#8221;0&#8243; left_padding_desktop=&#8221;0&#8243; bottom_padding_phone=&#8221;20%&#8221; left_margin=&#8221;0&#8243; text_color=&#8221;dark&#8221; text_align=&#8221;left&#8221; row_border_radius=&#8221;none&#8221; row_border_radius_applies=&#8221;bg&#8221; overflow=&#8221;visible&#8221; id=&#8221;presentazione&#8221; advanced_gradient_angle=&#8221;0&#8243; overlay_strength=&#8221;0.3&#8243; gradient_direction=&#8221;left_to_right&#8221; shape_divider_position=&#8221;bottom&#8221; bg_image_animation=&#8221;none&#8221; gradient_type=&#8221;default&#8221; shape_type=&#8221;&#8221;][vc_column column_padding=&#8221;no-extra-padding&#8221; column_padding_tablet=&#8221;inherit&#8221; column_padding_phone=&#8221;inherit&#8221; column_padding_position=&#8221;all&#8221; top_margin=&#8221;0&#8243; bottom_margin=&#8221;0&#8243; left_margin=&#8221;20&#8243; right_margin=&#8221;0&#8243; column_element_spacing=&#8221;default&#8221; background_color_opacity=&#8221;1&#8243; background_hover_color_opacity=&#8221;1&#8243; column_shadow=&#8221;none&#8221; column_border_radius=&#8221;none&#8221; column_link_target=&#8221;_self&#8221; column_position=&#8221;default&#8221; advanced_gradient_angle=&#8221;0&#8243; gradient_direction=&#8221;left_to_right&#8221; overlay_strength=&#8221;0.3&#8243; width=&#8221;1\/1&#8243; tablet_width_inherit=&#8221;default&#8221; tablet_text_alignment=&#8221;default&#8221; phone_text_alignment=&#8221;default&#8221; animation_type=&#8221;default&#8221; bg_image_animation=&#8221;none&#8221; border_type=&#8221;simple&#8221; column_border_width=&#8221;none&#8221; column_border_style=&#8221;solid&#8221; gradient_type=&#8221;default&#8221;][vc_row_inner column_margin=&#8221;default&#8221; column_direction=&#8221;default&#8221; column_direction_tablet=&#8221;default&#8221; column_direction_phone=&#8221;default&#8221; text_align=&#8221;left&#8221; row_position=&#8221;default&#8221; row_position_tablet=&#8221;inherit&#8221; row_position_phone=&#8221;inherit&#8221; overflow=&#8221;visible&#8221; pointer_events=&#8221;all&#8221;][vc_column_inner column_padding=&#8221;no-extra-padding&#8221; column_padding_tablet=&#8221;inherit&#8221; column_padding_phone=&#8221;inherit&#8221; column_padding_position=&#8221;all&#8221; column_element_spacing=&#8221;default&#8221; centered_text=&#8221;true&#8221; background_color_opacity=&#8221;1&#8243; background_hover_color_opacity=&#8221;1&#8243; column_shadow=&#8221;none&#8221; column_border_radius=&#8221;none&#8221; column_link_target=&#8221;_self&#8221; advanced_gradient_angle=&#8221;0&#8243; gradient_direction=&#8221;left_to_right&#8221; overlay_strength=&#8221;0.3&#8243; width=&#8221;1\/1&#8243; tablet_width_inherit=&#8221;default&#8221; animation_type=&#8221;default&#8221; bg_image_animation=&#8221;none&#8221; border_type=&#8221;simple&#8221; column_border_width=&#8221;none&#8221; column_border_style=&#8221;solid&#8221; gradient_type=&#8221;default&#8221;][vc_column_text]\n<h2 style=\"text-align: center;\">Perch\u00e9 scegliere la SSML di Pisa?<\/h2>\n[\/vc_column_text][carousel script=&#8221;owl_carousel&#8221; desktop_cols=&#8221;3&#8243; desktop_small_cols=&#8221;1&#8243; tablet_cols=&#8221;1&#8243; mobile_cols=&#8221;1&#8243; column_padding=&#8221;0&#8243; autorotate=&#8221;true&#8221; autorotation_speed=&#8221;1600&#8243;][item simple_slider_bg_image_position=&#8221;default&#8221; simple_slider_overlay_strength=&#8221;0.3&#8243; simple_slider_bg_image_loading=&#8221;default&#8221; id=&#8221;1754665401029-3&#8243; tab_id=&#8221;1754665401029-8&#8243; title=&#8221;Item&#8221;][vc_column_text]<div id=\"attachment_6036\" style=\"width: 310px\" class=\"wp-caption alignnone\"><img loading=\"lazy\" decoding=\"async\" aria-describedby=\"caption-attachment-6036\" class=\"wp-image-6036 size-medium\" src=\"http:\/\/www.mediazionelinguistica.it\/wp-content\/uploads\/2023\/12\/Lingue-insegnate-300x300.webp\" alt=\"\" width=\"300\" height=\"300\" srcset=\"https:\/\/www.mediazionelinguistica.it\/wp-content\/uploads\/2023\/12\/Lingue-insegnate-300x300.webp 300w, https:\/\/www.mediazionelinguistica.it\/wp-content\/uploads\/2023\/12\/Lingue-insegnate-1024x1024.webp 1024w, https:\/\/www.mediazionelinguistica.it\/wp-content\/uploads\/2023\/12\/Lingue-insegnate-150x150.webp 150w, https:\/\/www.mediazionelinguistica.it\/wp-content\/uploads\/2023\/12\/Lingue-insegnate-768x768.webp 768w, https:\/\/www.mediazionelinguistica.it\/wp-content\/uploads\/2023\/12\/Lingue-insegnate-100x100.webp 100w, https:\/\/www.mediazionelinguistica.it\/wp-content\/uploads\/2023\/12\/Lingue-insegnate-140x140.webp 140w, https:\/\/www.mediazionelinguistica.it\/wp-content\/uploads\/2023\/12\/Lingue-insegnate-500x500.webp 500w, https:\/\/www.mediazionelinguistica.it\/wp-content\/uploads\/2023\/12\/Lingue-insegnate-350x350.webp 350w, https:\/\/www.mediazionelinguistica.it\/wp-content\/uploads\/2023\/12\/Lingue-insegnate-1000x1000.webp 1000w, https:\/\/www.mediazionelinguistica.it\/wp-content\/uploads\/2023\/12\/Lingue-insegnate-800x800.webp 800w, https:\/\/www.mediazionelinguistica.it\/wp-content\/uploads\/2023\/12\/Lingue-insegnate.webp 1080w\" sizes=\"auto, (max-width: 300px) 100vw, 300px\" \/><p id=\"caption-attachment-6036\" class=\"wp-caption-text\">Lingue Insegnate<\/p><\/div>[\/vc_column_text][\/item][item simple_slider_bg_image_position=&#8221;default&#8221; simple_slider_overlay_strength=&#8221;0.3&#8243; simple_slider_bg_image_loading=&#8221;default&#8221; id=&#8221;1754665401039-3&#8243; tab_id=&#8221;1754665401039-9&#8243; title=&#8221;Item&#8221;][vc_column_text]<div id=\"attachment_5103\" style=\"width: 310px\" class=\"wp-caption alignnone\"><img loading=\"lazy\" decoding=\"async\" aria-describedby=\"caption-attachment-5103\" class=\"size-medium wp-image-5103\" src=\"http:\/\/www.mediazionelinguistica.it\/wp-content\/uploads\/2023\/05\/Lingue-di-studio-300x300.png\" alt=\"\" width=\"300\" height=\"300\" srcset=\"https:\/\/www.mediazionelinguistica.it\/wp-content\/uploads\/2023\/05\/Lingue-di-studio-300x300.png 300w, https:\/\/www.mediazionelinguistica.it\/wp-content\/uploads\/2023\/05\/Lingue-di-studio-1024x1024.png 1024w, https:\/\/www.mediazionelinguistica.it\/wp-content\/uploads\/2023\/05\/Lingue-di-studio-150x150.png 150w, https:\/\/www.mediazionelinguistica.it\/wp-content\/uploads\/2023\/05\/Lingue-di-studio-768x768.png 768w, https:\/\/www.mediazionelinguistica.it\/wp-content\/uploads\/2023\/05\/Lingue-di-studio-100x100.png 100w, https:\/\/www.mediazionelinguistica.it\/wp-content\/uploads\/2023\/05\/Lingue-di-studio-140x140.png 140w, https:\/\/www.mediazionelinguistica.it\/wp-content\/uploads\/2023\/05\/Lingue-di-studio-500x500.png 500w, https:\/\/www.mediazionelinguistica.it\/wp-content\/uploads\/2023\/05\/Lingue-di-studio-350x350.png 350w, https:\/\/www.mediazionelinguistica.it\/wp-content\/uploads\/2023\/05\/Lingue-di-studio-1000x1000.png 1000w, https:\/\/www.mediazionelinguistica.it\/wp-content\/uploads\/2023\/05\/Lingue-di-studio-800x800.png 800w, https:\/\/www.mediazionelinguistica.it\/wp-content\/uploads\/2023\/05\/Lingue-di-studio.png 1080w\" sizes=\"auto, (max-width: 300px) 100vw, 300px\" \/><p id=\"caption-attachment-5103\" class=\"wp-caption-text\">Lingue a scelta insegnate in tutti e 5 gli indirizzi<\/p><\/div>[\/vc_column_text][\/item][item simple_slider_bg_image_position=&#8221;default&#8221; simple_slider_overlay_strength=&#8221;0.3&#8243; simple_slider_bg_image_loading=&#8221;default&#8221; id=&#8221;1754665401045-5&#8243; tab_id=&#8221;1754665401045-1&#8243; title=&#8221;Item&#8221;][vc_column_text]<div id=\"attachment_5107\" style=\"width: 310px\" class=\"wp-caption alignnone\"><img loading=\"lazy\" decoding=\"async\" aria-describedby=\"caption-attachment-5107\" class=\"size-medium wp-image-5107\" src=\"http:\/\/www.mediazionelinguistica.it\/wp-content\/uploads\/2023\/05\/INsegnanti-MADRELINGUA-300x300.png\" alt=\"\" width=\"300\" height=\"300\" srcset=\"https:\/\/www.mediazionelinguistica.it\/wp-content\/uploads\/2023\/05\/INsegnanti-MADRELINGUA-300x300.png 300w, https:\/\/www.mediazionelinguistica.it\/wp-content\/uploads\/2023\/05\/INsegnanti-MADRELINGUA-1024x1024.png 1024w, https:\/\/www.mediazionelinguistica.it\/wp-content\/uploads\/2023\/05\/INsegnanti-MADRELINGUA-150x150.png 150w, https:\/\/www.mediazionelinguistica.it\/wp-content\/uploads\/2023\/05\/INsegnanti-MADRELINGUA-768x768.png 768w, https:\/\/www.mediazionelinguistica.it\/wp-content\/uploads\/2023\/05\/INsegnanti-MADRELINGUA-100x100.png 100w, https:\/\/www.mediazionelinguistica.it\/wp-content\/uploads\/2023\/05\/INsegnanti-MADRELINGUA-140x140.png 140w, https:\/\/www.mediazionelinguistica.it\/wp-content\/uploads\/2023\/05\/INsegnanti-MADRELINGUA-500x500.png 500w, https:\/\/www.mediazionelinguistica.it\/wp-content\/uploads\/2023\/05\/INsegnanti-MADRELINGUA-350x350.png 350w, https:\/\/www.mediazionelinguistica.it\/wp-content\/uploads\/2023\/05\/INsegnanti-MADRELINGUA-1000x1000.png 1000w, https:\/\/www.mediazionelinguistica.it\/wp-content\/uploads\/2023\/05\/INsegnanti-MADRELINGUA-800x800.png 800w, https:\/\/www.mediazionelinguistica.it\/wp-content\/uploads\/2023\/05\/INsegnanti-MADRELINGUA.png 1080w\" sizes=\"auto, (max-width: 300px) 100vw, 300px\" \/><p id=\"caption-attachment-5107\" class=\"wp-caption-text\">Gli insegnanti madrelingua da 15 diversi paesi<\/p><\/div>[\/vc_column_text][\/item][item simple_slider_bg_image_position=&#8221;default&#8221; simple_slider_overlay_strength=&#8221;0.3&#8243; simple_slider_bg_image_loading=&#8221;default&#8221; id=&#8221;1754665401054-1&#8243; tab_id=&#8221;1754665401055-9&#8243; title=&#8221;Item&#8221;][vc_column_text]<div id=\"attachment_5107\" style=\"width: 310px\" class=\"wp-caption alignnone\"><img loading=\"lazy\" decoding=\"async\" aria-describedby=\"caption-attachment-5107\" class=\"size-medium wp-image-3429\" src=\"http:\/\/www.mediazionelinguistica.it\/wp-content\/uploads\/2022\/10\/punti-di-forza-ssml-pisa-2-300x300.png\" alt=\"\" width=\"300\" height=\"300\" \/><p id=\"caption-attachment-5107\" class=\"wp-caption-text\">Degli insegnamenti \u00e8 in lingua<\/p><\/div>[\/vc_column_text][\/item][item simple_slider_bg_image_position=&#8221;default&#8221; simple_slider_overlay_strength=&#8221;0.3&#8243; simple_slider_bg_image_loading=&#8221;default&#8221; id=&#8221;1754665401068-7&#8243; tab_id=&#8221;1754665401068-0&#8243; title=&#8221;Item&#8221;][vc_column_text]<div id=\"attachment_5107\" style=\"width: 310px\" class=\"wp-caption alignnone\"><img loading=\"lazy\" decoding=\"async\" aria-describedby=\"caption-attachment-5107\" class=\"size-medium wp-image-5109\" src=\"http:\/\/www.mediazionelinguistica.it\/wp-content\/uploads\/2023\/05\/Rapporto-docenti-studenti-2-300x300.png\" alt=\"\" width=\"300\" height=\"300\" srcset=\"https:\/\/www.mediazionelinguistica.it\/wp-content\/uploads\/2023\/05\/Rapporto-docenti-studenti-2-300x300.png 300w, https:\/\/www.mediazionelinguistica.it\/wp-content\/uploads\/2023\/05\/Rapporto-docenti-studenti-2-1024x1024.png 1024w, https:\/\/www.mediazionelinguistica.it\/wp-content\/uploads\/2023\/05\/Rapporto-docenti-studenti-2-150x150.png 150w, https:\/\/www.mediazionelinguistica.it\/wp-content\/uploads\/2023\/05\/Rapporto-docenti-studenti-2-768x768.png 768w, https:\/\/www.mediazionelinguistica.it\/wp-content\/uploads\/2023\/05\/Rapporto-docenti-studenti-2-100x100.png 100w, https:\/\/www.mediazionelinguistica.it\/wp-content\/uploads\/2023\/05\/Rapporto-docenti-studenti-2-140x140.png 140w, https:\/\/www.mediazionelinguistica.it\/wp-content\/uploads\/2023\/05\/Rapporto-docenti-studenti-2-500x500.png 500w, https:\/\/www.mediazionelinguistica.it\/wp-content\/uploads\/2023\/05\/Rapporto-docenti-studenti-2-350x350.png 350w, https:\/\/www.mediazionelinguistica.it\/wp-content\/uploads\/2023\/05\/Rapporto-docenti-studenti-2-1000x1000.png 1000w, https:\/\/www.mediazionelinguistica.it\/wp-content\/uploads\/2023\/05\/Rapporto-docenti-studenti-2-800x800.png 800w, https:\/\/www.mediazionelinguistica.it\/wp-content\/uploads\/2023\/05\/Rapporto-docenti-studenti-2.png 1080w\" sizes=\"auto, (max-width: 300px) 100vw, 300px\" \/><p id=\"caption-attachment-5107\" class=\"wp-caption-text\">Il rapporto 1 docente ogni 5 studenti permette agli studenti di essere assistiti e guidati al meglio<\/p><\/div>[\/vc_column_text][\/item][item simple_slider_bg_image_position=&#8221;default&#8221; simple_slider_overlay_strength=&#8221;0.3&#8243; simple_slider_bg_image_loading=&#8221;default&#8221; id=&#8221;1754665401075-1&#8243; tab_id=&#8221;1754665401075-4&#8243; title=&#8221;Item&#8221;][vc_column_text]\n<div class=\"mceTemp\"><\/div>\n<div id=\"attachment_3429\" style=\"width: 310px\" class=\"wp-caption alignnone\"><img loading=\"lazy\" decoding=\"async\" aria-describedby=\"caption-attachment-3429\" class=\"size-medium wp-image-5111\" src=\"http:\/\/www.mediazionelinguistica.it\/wp-content\/uploads\/2023\/05\/Studenti-laureati-in-corso-300x300.png\" alt=\"\" width=\"300\" height=\"300\" srcset=\"https:\/\/www.mediazionelinguistica.it\/wp-content\/uploads\/2023\/05\/Studenti-laureati-in-corso-300x300.png 300w, https:\/\/www.mediazionelinguistica.it\/wp-content\/uploads\/2023\/05\/Studenti-laureati-in-corso-1024x1024.png 1024w, https:\/\/www.mediazionelinguistica.it\/wp-content\/uploads\/2023\/05\/Studenti-laureati-in-corso-150x150.png 150w, https:\/\/www.mediazionelinguistica.it\/wp-content\/uploads\/2023\/05\/Studenti-laureati-in-corso-768x768.png 768w, https:\/\/www.mediazionelinguistica.it\/wp-content\/uploads\/2023\/05\/Studenti-laureati-in-corso-100x100.png 100w, https:\/\/www.mediazionelinguistica.it\/wp-content\/uploads\/2023\/05\/Studenti-laureati-in-corso-140x140.png 140w, https:\/\/www.mediazionelinguistica.it\/wp-content\/uploads\/2023\/05\/Studenti-laureati-in-corso-500x500.png 500w, https:\/\/www.mediazionelinguistica.it\/wp-content\/uploads\/2023\/05\/Studenti-laureati-in-corso-350x350.png 350w, https:\/\/www.mediazionelinguistica.it\/wp-content\/uploads\/2023\/05\/Studenti-laureati-in-corso-1000x1000.png 1000w, https:\/\/www.mediazionelinguistica.it\/wp-content\/uploads\/2023\/05\/Studenti-laureati-in-corso-800x800.png 800w, https:\/\/www.mediazionelinguistica.it\/wp-content\/uploads\/2023\/05\/Studenti-laureati-in-corso.png 1080w\" sizes=\"auto, (max-width: 300px) 100vw, 300px\" \/><p id=\"caption-attachment-3429\" class=\"wp-caption-text\">Degli Studenti si laurea in corso<\/p><\/div>[\/vc_column_text][\/item][item simple_slider_bg_image_position=&#8221;default&#8221; simple_slider_overlay_strength=&#8221;0.3&#8243; simple_slider_bg_image_loading=&#8221;default&#8221; id=&#8221;1754665401087-7&#8243; tab_id=&#8221;1754665401087-6&#8243; title=&#8221;Item&#8221;][vc_column_text]\n<div class=\"mceTemp\">\n<div id=\"attachment_3429\" style=\"width: 310px\" class=\"wp-caption alignnone\"><img loading=\"lazy\" decoding=\"async\" aria-describedby=\"caption-attachment-3429\" class=\"size-medium wp-image-5112\" src=\"http:\/\/www.mediazionelinguistica.it\/wp-content\/uploads\/2023\/05\/Universita-partner-300x300.png\" alt=\"\" width=\"300\" height=\"300\" srcset=\"https:\/\/www.mediazionelinguistica.it\/wp-content\/uploads\/2023\/05\/Universita-partner-300x300.png 300w, https:\/\/www.mediazionelinguistica.it\/wp-content\/uploads\/2023\/05\/Universita-partner-1024x1024.png 1024w, https:\/\/www.mediazionelinguistica.it\/wp-content\/uploads\/2023\/05\/Universita-partner-150x150.png 150w, https:\/\/www.mediazionelinguistica.it\/wp-content\/uploads\/2023\/05\/Universita-partner-768x768.png 768w, https:\/\/www.mediazionelinguistica.it\/wp-content\/uploads\/2023\/05\/Universita-partner-100x100.png 100w, https:\/\/www.mediazionelinguistica.it\/wp-content\/uploads\/2023\/05\/Universita-partner-140x140.png 140w, https:\/\/www.mediazionelinguistica.it\/wp-content\/uploads\/2023\/05\/Universita-partner-500x500.png 500w, https:\/\/www.mediazionelinguistica.it\/wp-content\/uploads\/2023\/05\/Universita-partner-350x350.png 350w, https:\/\/www.mediazionelinguistica.it\/wp-content\/uploads\/2023\/05\/Universita-partner-1000x1000.png 1000w, https:\/\/www.mediazionelinguistica.it\/wp-content\/uploads\/2023\/05\/Universita-partner-800x800.png 800w, https:\/\/www.mediazionelinguistica.it\/wp-content\/uploads\/2023\/05\/Universita-partner.png 1080w\" sizes=\"auto, (max-width: 300px) 100vw, 300px\" \/><p id=\"caption-attachment-3429\" class=\"wp-caption-text\">Universit\u00e0 partner dove studiare con il programma Erasmus+<\/p><\/div>\n<p>&nbsp;<\/p><\/div>\n[\/vc_column_text][\/item][item simple_slider_bg_image_position=&#8221;default&#8221; simple_slider_overlay_strength=&#8221;0.3&#8243; simple_slider_bg_image_loading=&#8221;default&#8221; id=&#8221;1754665401098-1&#8243; tab_id=&#8221;1754665401098-5&#8243; title=&#8221;Item&#8221;][vc_column_text]<div id=\"attachment_3429\" style=\"width: 310px\" class=\"wp-caption alignnone\"><img loading=\"lazy\" decoding=\"async\" aria-describedby=\"caption-attachment-3429\" class=\"size-medium wp-image-5108\" src=\"http:\/\/www.mediazionelinguistica.it\/wp-content\/uploads\/2023\/05\/Lavora--300x300.png\" alt=\"\" width=\"300\" height=\"300\" srcset=\"https:\/\/www.mediazionelinguistica.it\/wp-content\/uploads\/2023\/05\/Lavora--300x300.png 300w, https:\/\/www.mediazionelinguistica.it\/wp-content\/uploads\/2023\/05\/Lavora--1024x1024.png 1024w, https:\/\/www.mediazionelinguistica.it\/wp-content\/uploads\/2023\/05\/Lavora--150x150.png 150w, https:\/\/www.mediazionelinguistica.it\/wp-content\/uploads\/2023\/05\/Lavora--768x768.png 768w, https:\/\/www.mediazionelinguistica.it\/wp-content\/uploads\/2023\/05\/Lavora--100x100.png 100w, https:\/\/www.mediazionelinguistica.it\/wp-content\/uploads\/2023\/05\/Lavora--140x140.png 140w, https:\/\/www.mediazionelinguistica.it\/wp-content\/uploads\/2023\/05\/Lavora--500x500.png 500w, https:\/\/www.mediazionelinguistica.it\/wp-content\/uploads\/2023\/05\/Lavora--350x350.png 350w, https:\/\/www.mediazionelinguistica.it\/wp-content\/uploads\/2023\/05\/Lavora--1000x1000.png 1000w, https:\/\/www.mediazionelinguistica.it\/wp-content\/uploads\/2023\/05\/Lavora--800x800.png 800w, https:\/\/www.mediazionelinguistica.it\/wp-content\/uploads\/2023\/05\/Lavora-.png 1080w\" sizes=\"auto, (max-width: 300px) 100vw, 300px\" \/><p id=\"caption-attachment-3429\" class=\"wp-caption-text\">Degli studenti richiedenti accedono al programma Erasmus+<\/p><\/div>[\/vc_column_text][\/item][item simple_slider_bg_image_position=&#8221;default&#8221; simple_slider_overlay_strength=&#8221;0.3&#8243; simple_slider_bg_image_loading=&#8221;default&#8221; id=&#8221;1754665401105-3&#8243; tab_id=&#8221;1754665401105-6&#8243; title=&#8221;Item&#8221;][vc_column_text]<div id=\"attachment_3429\" style=\"width: 310px\" class=\"wp-caption alignnone\"><img loading=\"lazy\" decoding=\"async\" aria-describedby=\"caption-attachment-3429\" class=\"size-medium wp-image-5102\" src=\"http:\/\/www.mediazionelinguistica.it\/wp-content\/uploads\/2023\/05\/Aziende-partner-in-22-paesi-300x300.png\" alt=\"\" width=\"300\" height=\"300\" srcset=\"https:\/\/www.mediazionelinguistica.it\/wp-content\/uploads\/2023\/05\/Aziende-partner-in-22-paesi-300x300.png 300w, https:\/\/www.mediazionelinguistica.it\/wp-content\/uploads\/2023\/05\/Aziende-partner-in-22-paesi-1024x1024.png 1024w, https:\/\/www.mediazionelinguistica.it\/wp-content\/uploads\/2023\/05\/Aziende-partner-in-22-paesi-150x150.png 150w, https:\/\/www.mediazionelinguistica.it\/wp-content\/uploads\/2023\/05\/Aziende-partner-in-22-paesi-768x768.png 768w, https:\/\/www.mediazionelinguistica.it\/wp-content\/uploads\/2023\/05\/Aziende-partner-in-22-paesi-100x100.png 100w, https:\/\/www.mediazionelinguistica.it\/wp-content\/uploads\/2023\/05\/Aziende-partner-in-22-paesi-140x140.png 140w, https:\/\/www.mediazionelinguistica.it\/wp-content\/uploads\/2023\/05\/Aziende-partner-in-22-paesi-500x500.png 500w, https:\/\/www.mediazionelinguistica.it\/wp-content\/uploads\/2023\/05\/Aziende-partner-in-22-paesi-350x350.png 350w, https:\/\/www.mediazionelinguistica.it\/wp-content\/uploads\/2023\/05\/Aziende-partner-in-22-paesi-1000x1000.png 1000w, https:\/\/www.mediazionelinguistica.it\/wp-content\/uploads\/2023\/05\/Aziende-partner-in-22-paesi-800x800.png 800w, https:\/\/www.mediazionelinguistica.it\/wp-content\/uploads\/2023\/05\/Aziende-partner-in-22-paesi.png 1080w\" sizes=\"auto, (max-width: 300px) 100vw, 300px\" \/><p id=\"caption-attachment-3429\" class=\"wp-caption-text\">Aziende partner in 22 Paesi dove fare Stage<\/p><\/div>[\/vc_column_text][\/item][\/carousel][nectar_btn size=&#8221;large&#8221; button_style=&#8221;regular&#8221; button_color_2=&#8221;Accent-Color&#8221; icon_family=&#8221;none&#8221; text=&#8221;PARTECIPA ALL&#8217;OPEN DAY&#8221; url=&#8221;#openday&#8221; margin_left=&#8221;2&#8243; margin_right=&#8221;2&#8243; margin_top=&#8221;1&#8243; margin_bottom=&#8221;1&#8243;][\/vc_column_inner][\/vc_row_inner][divider line_type=&#8221;No Line&#8221;][\/vc_column][\/vc_row][vc_row type=&#8221;full_width_background&#8221; full_screen_row_position=&#8221;middle&#8221; column_margin=&#8221;default&#8221; column_direction=&#8221;default&#8221; column_direction_tablet=&#8221;default&#8221; column_direction_phone=&#8221;default&#8221; bg_color=&#8221;#f6eeea&#8221; scene_position=&#8221;center&#8221; top_padding=&#8221;5%&#8221; bottom_padding=&#8221;5%&#8221; bottom_padding_phone=&#8221;20%&#8221; text_color=&#8221;dark&#8221; text_align=&#8221;left&#8221; row_border_radius=&#8221;none&#8221; row_border_radius_applies=&#8221;bg&#8221; overflow=&#8221;visible&#8221; id=&#8221;sbocchi-professionali&#8221; advanced_gradient_angle=&#8221;0&#8243; overlay_strength=&#8221;0.3&#8243; gradient_direction=&#8221;left_to_right&#8221; shape_divider_position=&#8221;bottom&#8221; bg_image_animation=&#8221;none&#8221; gradient_type=&#8221;default&#8221; shape_type=&#8221;&#8221;][vc_column column_padding=&#8221;no-extra-padding&#8221; column_padding_tablet=&#8221;inherit&#8221; column_padding_phone=&#8221;inherit&#8221; column_padding_position=&#8221;all&#8221; column_element_spacing=&#8221;default&#8221; background_color_opacity=&#8221;1&#8243; background_hover_color_opacity=&#8221;1&#8243; column_shadow=&#8221;none&#8221; column_border_radius=&#8221;none&#8221; column_link_target=&#8221;_self&#8221; column_position=&#8221;default&#8221; advanced_gradient_angle=&#8221;0&#8243; gradient_direction=&#8221;left_to_right&#8221; overlay_strength=&#8221;0.3&#8243; width=&#8221;1\/6&#8243; tablet_width_inherit=&#8221;default&#8221; tablet_text_alignment=&#8221;default&#8221; phone_text_alignment=&#8221;default&#8221; animation_type=&#8221;default&#8221; bg_image_animation=&#8221;none&#8221; border_type=&#8221;simple&#8221; column_border_width=&#8221;none&#8221; column_border_style=&#8221;solid&#8221; gradient_type=&#8221;default&#8221; offset=&#8221;vc_hidden-md vc_hidden-sm vc_hidden-xs&#8221;][\/vc_column][vc_column column_padding=&#8221;no-extra-padding&#8221; column_padding_tablet=&#8221;inherit&#8221; column_padding_phone=&#8221;inherit&#8221; column_padding_position=&#8221;all&#8221; column_element_spacing=&#8221;default&#8221; background_color_opacity=&#8221;1&#8243; background_hover_color_opacity=&#8221;1&#8243; column_shadow=&#8221;none&#8221; column_border_radius=&#8221;none&#8221; column_link_target=&#8221;_self&#8221; column_position=&#8221;default&#8221; advanced_gradient_angle=&#8221;0&#8243; gradient_direction=&#8221;left_to_right&#8221; overlay_strength=&#8221;0.3&#8243; width=&#8221;2\/3&#8243; tablet_width_inherit=&#8221;default&#8221; tablet_text_alignment=&#8221;default&#8221; phone_text_alignment=&#8221;default&#8221; animation_type=&#8221;default&#8221; bg_image_animation=&#8221;none&#8221; border_type=&#8221;simple&#8221; column_border_width=&#8221;none&#8221; column_border_style=&#8221;solid&#8221; gradient_type=&#8221;default&#8221; offset=&#8221;vc_hidden-md vc_hidden-sm vc_hidden-xs&#8221;][vc_column_text]\n<h2>Testimonianza<\/h2>\n[\/vc_column_text][vc_column_text]\n<h3>I laureati della <span style=\"color: #cf1523;\">SSML di Pisa<\/span> e il mondo del lavoro<\/h3>\n[\/vc_column_text][vc_column_text]I <strong><span style=\"color: #cf1523;\">laureati della Scuola Superiore per Mediatori Linguistici di Pisa<\/span><\/strong> hanno una<strong> conoscenza delle lingue molto alta<\/strong> (livello C1), grazie al particolare metodo di studio di carattere pratico e tecnico\u00a0 impartito da docenti e professionisti madrelingua e allo <strong>studio delle lingue applicate ai diversi settori lavorativi<\/strong>.<\/p>\n<p>Una volta acquisito un livello linguistico elevato, gli <strong>sbocchi professionali sono molteplici<\/strong> perch\u00e9 l\u2019applicazione delle lingue al mondo del lavoro \u00e8 trasversale.[\/vc_column_text][vc_video link=&#8221;https:\/\/youtube.com\/shorts\/NWQbIq1Kxf8?si=ASFG6i0dxXhQoMDO&#8221; el_width=&#8221;40&#8243; el_aspect=&#8221;916&#8243; align=&#8221;center&#8221;][vc_row_inner column_margin=&#8221;default&#8221; column_direction=&#8221;default&#8221; column_direction_tablet=&#8221;default&#8221; column_direction_phone=&#8221;default&#8221; text_align=&#8221;left&#8221; row_position=&#8221;default&#8221; row_position_tablet=&#8221;inherit&#8221; row_position_phone=&#8221;inherit&#8221; overflow=&#8221;visible&#8221; pointer_events=&#8221;all&#8221;][vc_column_inner column_padding=&#8221;no-extra-padding&#8221; column_padding_tablet=&#8221;inherit&#8221; column_padding_phone=&#8221;inherit&#8221; column_padding_position=&#8221;all&#8221; column_element_spacing=&#8221;default&#8221; centered_text=&#8221;true&#8221; background_color_opacity=&#8221;1&#8243; background_hover_color_opacity=&#8221;1&#8243; column_shadow=&#8221;none&#8221; column_border_radius=&#8221;none&#8221; column_link_target=&#8221;_self&#8221; advanced_gradient_angle=&#8221;0&#8243; gradient_direction=&#8221;left_to_right&#8221; overlay_strength=&#8221;0.3&#8243; width=&#8221;1\/1&#8243; tablet_width_inherit=&#8221;default&#8221; animation_type=&#8221;default&#8221; bg_image_animation=&#8221;none&#8221; border_type=&#8221;simple&#8221; column_border_width=&#8221;none&#8221; column_border_style=&#8221;solid&#8221; gradient_type=&#8221;default&#8221;][nectar_btn size=&#8221;large&#8221; button_style=&#8221;regular&#8221; button_color_2=&#8221;Accent-Color&#8221; icon_family=&#8221;none&#8221; text=&#8221;PARTECIPA ALL&#8217;OPEN DAY&#8221; url=&#8221;#openday&#8221;][\/vc_column_inner][\/vc_row_inner][\/vc_column][vc_column column_padding=&#8221;no-extra-padding&#8221; column_padding_tablet=&#8221;inherit&#8221; column_padding_phone=&#8221;inherit&#8221; column_padding_position=&#8221;all&#8221; column_element_spacing=&#8221;default&#8221; background_color_opacity=&#8221;1&#8243; background_hover_color_opacity=&#8221;1&#8243; column_shadow=&#8221;none&#8221; column_border_radius=&#8221;none&#8221; column_link_target=&#8221;_self&#8221; column_position=&#8221;default&#8221; advanced_gradient_angle=&#8221;0&#8243; gradient_direction=&#8221;left_to_right&#8221; overlay_strength=&#8221;0.3&#8243; width=&#8221;1\/6&#8243; tablet_width_inherit=&#8221;default&#8221; tablet_text_alignment=&#8221;default&#8221; phone_text_alignment=&#8221;default&#8221; animation_type=&#8221;default&#8221; bg_image_animation=&#8221;none&#8221; border_type=&#8221;simple&#8221; column_border_width=&#8221;none&#8221; column_border_style=&#8221;solid&#8221; gradient_type=&#8221;default&#8221; offset=&#8221;vc_hidden-md vc_hidden-sm vc_hidden-xs&#8221;][\/vc_column][\/vc_row][vc_row type=&#8221;full_width_background&#8221; full_screen_row_position=&#8221;middle&#8221; column_margin=&#8221;default&#8221; column_direction=&#8221;default&#8221; column_direction_tablet=&#8221;default&#8221; column_direction_phone=&#8221;default&#8221; bg_color=&#8221;#f6eeea&#8221; scene_position=&#8221;center&#8221; top_padding=&#8221;5%&#8221; bottom_padding=&#8221;5%&#8221; bottom_padding_phone=&#8221;20%&#8221; text_color=&#8221;dark&#8221; text_align=&#8221;left&#8221; row_border_radius=&#8221;none&#8221; row_border_radius_applies=&#8221;bg&#8221; overflow=&#8221;visible&#8221; id=&#8221;sbocchi-professionali&#8221; advanced_gradient_angle=&#8221;0&#8243; overlay_strength=&#8221;0.3&#8243; gradient_direction=&#8221;left_to_right&#8221; shape_divider_position=&#8221;bottom&#8221; bg_image_animation=&#8221;none&#8221; gradient_type=&#8221;default&#8221; shape_type=&#8221;&#8221;][vc_column column_padding=&#8221;no-extra-padding&#8221; column_padding_tablet=&#8221;inherit&#8221; column_padding_phone=&#8221;inherit&#8221; column_padding_position=&#8221;all&#8221; column_element_spacing=&#8221;default&#8221; background_color_opacity=&#8221;1&#8243; background_hover_color_opacity=&#8221;1&#8243; column_shadow=&#8221;none&#8221; column_border_radius=&#8221;none&#8221; column_link_target=&#8221;_self&#8221; column_position=&#8221;default&#8221; advanced_gradient_angle=&#8221;0&#8243; gradient_direction=&#8221;left_to_right&#8221; overlay_strength=&#8221;0.3&#8243; width=&#8221;1\/6&#8243; tablet_width_inherit=&#8221;default&#8221; tablet_text_alignment=&#8221;default&#8221; phone_text_alignment=&#8221;default&#8221; animation_type=&#8221;default&#8221; bg_image_animation=&#8221;none&#8221; border_type=&#8221;simple&#8221; column_border_width=&#8221;none&#8221; column_border_style=&#8221;solid&#8221; gradient_type=&#8221;default&#8221; offset=&#8221;vc_hidden-lg&#8221;][\/vc_column][vc_column column_padding=&#8221;no-extra-padding&#8221; column_padding_tablet=&#8221;inherit&#8221; column_padding_phone=&#8221;inherit&#8221; column_padding_position=&#8221;all&#8221; column_element_spacing=&#8221;default&#8221; background_color_opacity=&#8221;1&#8243; background_hover_color_opacity=&#8221;1&#8243; column_shadow=&#8221;none&#8221; column_border_radius=&#8221;none&#8221; column_link_target=&#8221;_self&#8221; column_position=&#8221;default&#8221; advanced_gradient_angle=&#8221;0&#8243; gradient_direction=&#8221;left_to_right&#8221; overlay_strength=&#8221;0.3&#8243; width=&#8221;2\/3&#8243; tablet_width_inherit=&#8221;default&#8221; tablet_text_alignment=&#8221;default&#8221; phone_text_alignment=&#8221;default&#8221; animation_type=&#8221;default&#8221; bg_image_animation=&#8221;none&#8221; border_type=&#8221;simple&#8221; column_border_width=&#8221;none&#8221; column_border_style=&#8221;solid&#8221; gradient_type=&#8221;default&#8221; offset=&#8221;vc_hidden-lg&#8221;][vc_column_text]\n<h2>Testimonianza<\/h2>\n[\/vc_column_text][vc_column_text]\n<h3>I laureati della <span style=\"color: #cf1315;\">SSML di Pisa<\/span> e il mondo del lavoro<\/h3>\n[\/vc_column_text][vc_column_text]I laureati della <span style=\"color: #cf1315;\"><strong>Scuola Superiore per Mediatori Linguistici di Pisa<\/strong><\/span> hanno una<strong> conoscenza delle lingue molto alta<\/strong> (livello C1), grazie al particolare metodo di studio di carattere pratico e tecnico\u00a0 impartito da docenti e professionisti madrelingua e allo <strong>studio delle lingue applicate ai diversi settori lavorativi<\/strong>.<\/p>\n<p>Una volta acquisito un livello linguistico elevato, gli <strong>sbocchi professionali sono molteplici<\/strong> perch\u00e9 l\u2019applicazione delle lingue al mondo del lavoro \u00e8 trasversale.[\/vc_column_text][vc_video link=&#8221;https:\/\/youtube.com\/shorts\/NWQbIq1Kxf8?si=ASFG6i0dxXhQoMDO&#8221; el_aspect=&#8221;916&#8243; align=&#8221;center&#8221;][vc_row_inner column_margin=&#8221;default&#8221; column_direction=&#8221;default&#8221; column_direction_tablet=&#8221;default&#8221; column_direction_phone=&#8221;default&#8221; text_align=&#8221;center&#8221; row_position=&#8221;default&#8221; row_position_tablet=&#8221;inherit&#8221; row_position_phone=&#8221;inherit&#8221; overflow=&#8221;visible&#8221; pointer_events=&#8221;all&#8221;][vc_column_inner column_padding=&#8221;no-extra-padding&#8221; column_padding_tablet=&#8221;inherit&#8221; column_padding_phone=&#8221;inherit&#8221; column_padding_position=&#8221;all&#8221; column_element_spacing=&#8221;default&#8221; centered_text=&#8221;true&#8221; background_color_opacity=&#8221;1&#8243; background_hover_color_opacity=&#8221;1&#8243; column_shadow=&#8221;none&#8221; column_border_radius=&#8221;none&#8221; column_link_target=&#8221;_self&#8221; advanced_gradient_angle=&#8221;0&#8243; gradient_direction=&#8221;left_to_right&#8221; overlay_strength=&#8221;0.3&#8243; width=&#8221;1\/1&#8243; tablet_width_inherit=&#8221;default&#8221; animation_type=&#8221;default&#8221; bg_image_animation=&#8221;none&#8221; border_type=&#8221;simple&#8221; column_border_width=&#8221;none&#8221; column_border_style=&#8221;solid&#8221; gradient_type=&#8221;default&#8221;][nectar_btn size=&#8221;large&#8221; button_style=&#8221;regular&#8221; button_color_2=&#8221;Accent-Color&#8221; icon_family=&#8221;none&#8221; text=&#8221;PARTECIPA ALL&#8217;OPEN DAY&#8221; url=&#8221;#openday&#8221;][\/vc_column_inner][\/vc_row_inner][\/vc_column][vc_column column_padding=&#8221;no-extra-padding&#8221; column_padding_tablet=&#8221;inherit&#8221; column_padding_phone=&#8221;inherit&#8221; column_padding_position=&#8221;all&#8221; column_element_spacing=&#8221;default&#8221; background_color_opacity=&#8221;1&#8243; background_hover_color_opacity=&#8221;1&#8243; column_shadow=&#8221;none&#8221; column_border_radius=&#8221;none&#8221; column_link_target=&#8221;_self&#8221; column_position=&#8221;default&#8221; advanced_gradient_angle=&#8221;0&#8243; gradient_direction=&#8221;left_to_right&#8221; overlay_strength=&#8221;0.3&#8243; width=&#8221;1\/6&#8243; tablet_width_inherit=&#8221;default&#8221; tablet_text_alignment=&#8221;default&#8221; phone_text_alignment=&#8221;default&#8221; animation_type=&#8221;default&#8221; bg_image_animation=&#8221;none&#8221; border_type=&#8221;simple&#8221; column_border_width=&#8221;none&#8221; column_border_style=&#8221;solid&#8221; gradient_type=&#8221;default&#8221; offset=&#8221;vc_hidden-lg&#8221;][\/vc_column][\/vc_row][vc_row type=&#8221;full_width_background&#8221; full_screen_row_position=&#8221;middle&#8221; column_margin=&#8221;default&#8221; column_direction=&#8221;default&#8221; column_direction_tablet=&#8221;default&#8221; column_direction_phone=&#8221;default&#8221; bg_color=&#8221;#ffffff&#8221; full_height=&#8221;yes&#8221; scene_position=&#8221;center&#8221; top_padding=&#8221;0&#8243; constrain_group_1=&#8221;yes&#8221; bottom_padding=&#8221;0&#8243; left_padding_desktop=&#8221;0&#8243; bottom_padding_phone=&#8221;20%&#8221; left_margin=&#8221;0&#8243; text_color=&#8221;dark&#8221; text_align=&#8221;left&#8221; row_border_radius=&#8221;none&#8221; row_border_radius_applies=&#8221;bg&#8221; overflow=&#8221;visible&#8221; id=&#8221;presentazione&#8221; advanced_gradient_angle=&#8221;0&#8243; overlay_strength=&#8221;0.3&#8243; gradient_direction=&#8221;left_to_right&#8221; shape_divider_position=&#8221;bottom&#8221; bg_image_animation=&#8221;none&#8221; gradient_type=&#8221;default&#8221; shape_type=&#8221;&#8221;][vc_column column_padding=&#8221;no-extra-padding&#8221; column_padding_tablet=&#8221;inherit&#8221; column_padding_phone=&#8221;inherit&#8221; column_padding_position=&#8221;all&#8221; top_margin=&#8221;0&#8243; bottom_margin=&#8221;0&#8243; left_margin=&#8221;20&#8243; right_margin=&#8221;0&#8243; column_element_spacing=&#8221;default&#8221; background_color_opacity=&#8221;1&#8243; background_hover_color_opacity=&#8221;1&#8243; column_shadow=&#8221;none&#8221; column_border_radius=&#8221;none&#8221; column_link_target=&#8221;_self&#8221; column_position=&#8221;default&#8221; advanced_gradient_angle=&#8221;0&#8243; gradient_direction=&#8221;left_to_right&#8221; overlay_strength=&#8221;0.3&#8243; width=&#8221;1\/1&#8243; tablet_width_inherit=&#8221;default&#8221; tablet_text_alignment=&#8221;default&#8221; phone_text_alignment=&#8221;default&#8221; animation_type=&#8221;default&#8221; bg_image_animation=&#8221;none&#8221; border_type=&#8221;simple&#8221; column_border_width=&#8221;none&#8221; column_border_style=&#8221;solid&#8221; gradient_type=&#8221;default&#8221;][vc_row_inner column_margin=&#8221;default&#8221; column_direction=&#8221;default&#8221; column_direction_tablet=&#8221;default&#8221; column_direction_phone=&#8221;default&#8221; text_align=&#8221;left&#8221; row_position=&#8221;default&#8221; row_position_tablet=&#8221;inherit&#8221; row_position_phone=&#8221;inherit&#8221; overflow=&#8221;visible&#8221; pointer_events=&#8221;all&#8221;][vc_column_inner column_padding=&#8221;no-extra-padding&#8221; column_padding_tablet=&#8221;inherit&#8221; column_padding_phone=&#8221;inherit&#8221; column_padding_position=&#8221;all&#8221; column_element_spacing=&#8221;default&#8221; background_color_opacity=&#8221;1&#8243; background_hover_color_opacity=&#8221;1&#8243; column_shadow=&#8221;none&#8221; column_border_radius=&#8221;none&#8221; column_link_target=&#8221;_self&#8221; gradient_direction=&#8221;left_to_right&#8221; overlay_strength=&#8221;0.3&#8243; width=&#8221;1\/2&#8243; tablet_width_inherit=&#8221;default&#8221; animation_type=&#8221;default&#8221; bg_image_animation=&#8221;none&#8221; border_type=&#8221;simple&#8221; column_border_width=&#8221;none&#8221; column_border_style=&#8221;solid&#8221;][image_with_animation image_url=&#8221;7180&#8243; image_size=&#8221;full&#8221; animation_type=&#8221;entrance&#8221; animation=&#8221;Fade In&#8221; hover_animation=&#8221;none&#8221; alignment=&#8221;&#8221; border_radius=&#8221;none&#8221; box_shadow=&#8221;none&#8221; image_loading=&#8221;default&#8221; max_width=&#8221;100%&#8221; max_width_mobile=&#8221;default&#8221;][\/vc_column_inner][vc_column_inner column_padding=&#8221;no-extra-padding&#8221; column_padding_tablet=&#8221;inherit&#8221; column_padding_phone=&#8221;inherit&#8221; column_padding_position=&#8221;all&#8221; column_element_spacing=&#8221;default&#8221; background_color_opacity=&#8221;1&#8243; background_hover_color_opacity=&#8221;1&#8243; column_shadow=&#8221;none&#8221; column_border_radius=&#8221;none&#8221; column_link_target=&#8221;_self&#8221; gradient_direction=&#8221;left_to_right&#8221; overlay_strength=&#8221;0.3&#8243; width=&#8221;1\/2&#8243; tablet_width_inherit=&#8221;default&#8221; animation_type=&#8221;default&#8221; bg_image_animation=&#8221;none&#8221; border_type=&#8221;simple&#8221; column_border_width=&#8221;none&#8221; column_border_style=&#8221;solid&#8221;][vc_column_text]\n<h3><span style=\"color: #cf1523;\">Il Corso di studi ha una durata di 3 anni per un totale di 180 crediti (CFM).<\/span><\/h3>\n[\/vc_column_text][vc_column_text]\n<p data-start=\"71\" data-end=\"531\">Il nostro Corso non si limita a insegnare grammatica e vocabolario o a introdurre il business language delle lingue straniere. Qui, puntiamo a far crescere negli studenti <strong>competenze davvero fuori dal comune<\/strong>. Vogliamo che imparino a tradurre, interpretare e spiegare anche i <strong>concetti pi\u00f9 complessi<\/strong>, senza mai perdere di vista quei <strong>preziosi dettagli<\/strong> extralinguistici che fanno la differenza: l\u2019ironia sottile, la mimica espressiva, le sfumature culturali uniche.<\/p>\n<p data-start=\"533\" data-end=\"872\">Chi affronta questo percorso, non solo raggiunge il traguardo con successo, ma si prepara a <strong>entrare nel mondo del lavoro con sicurezza e senza difficolt\u00e0<\/strong>.<\/p>\n<p><a href=\"#openday\"><span style=\"color: #cf1315;\"><strong>Scopri di pi\u00f9 agli Open Day in sede a Pisa e Online<\/strong><\/span><\/a>[\/vc_column_text][\/vc_column_inner][\/vc_row_inner][\/vc_column][vc_column column_padding=&#8221;no-extra-padding&#8221; column_padding_tablet=&#8221;inherit&#8221; column_padding_phone=&#8221;inherit&#8221; column_padding_position=&#8221;all&#8221; column_element_spacing=&#8221;default&#8221; background_color_opacity=&#8221;1&#8243; background_hover_color_opacity=&#8221;1&#8243; column_shadow=&#8221;none&#8221; column_border_radius=&#8221;none&#8221; column_link_target=&#8221;_self&#8221; column_position=&#8221;default&#8221; gradient_direction=&#8221;left_to_right&#8221; overlay_strength=&#8221;0.3&#8243; width=&#8221;1\/1&#8243; tablet_width_inherit=&#8221;default&#8221; tablet_text_alignment=&#8221;default&#8221; phone_text_alignment=&#8221;default&#8221; animation_type=&#8221;default&#8221; bg_image_animation=&#8221;none&#8221; border_type=&#8221;simple&#8221; column_border_width=&#8221;none&#8221; column_border_style=&#8221;solid&#8221;][divider line_type=&#8221;No Line&#8221;][vc_row_inner column_margin=&#8221;default&#8221; column_direction=&#8221;default&#8221; column_direction_tablet=&#8221;default&#8221; column_direction_phone=&#8221;default&#8221; text_align=&#8221;left&#8221; row_position=&#8221;default&#8221; row_position_tablet=&#8221;inherit&#8221; row_position_phone=&#8221;inherit&#8221; overflow=&#8221;visible&#8221; pointer_events=&#8221;all&#8221;][vc_column_inner column_padding=&#8221;no-extra-padding&#8221; column_padding_tablet=&#8221;inherit&#8221; column_padding_phone=&#8221;inherit&#8221; column_padding_position=&#8221;all&#8221; column_element_spacing=&#8221;default&#8221; centered_text=&#8221;true&#8221; background_color_opacity=&#8221;1&#8243; background_hover_color_opacity=&#8221;1&#8243; column_shadow=&#8221;none&#8221; column_border_radius=&#8221;none&#8221; column_link_target=&#8221;_self&#8221; advanced_gradient_angle=&#8221;0&#8243; gradient_direction=&#8221;left_to_right&#8221; overlay_strength=&#8221;0.3&#8243; width=&#8221;1\/1&#8243; tablet_width_inherit=&#8221;default&#8221; animation_type=&#8221;default&#8221; bg_image_animation=&#8221;none&#8221; border_type=&#8221;simple&#8221; column_border_width=&#8221;none&#8221; column_border_style=&#8221;solid&#8221; gradient_type=&#8221;default&#8221;][nectar_btn size=&#8221;large&#8221; button_style=&#8221;regular&#8221; button_color_2=&#8221;Accent-Color&#8221; icon_family=&#8221;none&#8221; text=&#8221;PARTECIPA ALL&#8217;OPEN DAY&#8221; url=&#8221;#openday&#8221; margin_left=&#8221;2&#8243; margin_right=&#8221;2&#8243; margin_top=&#8221;1&#8243; margin_bottom=&#8221;1&#8243;][\/vc_column_inner][\/vc_row_inner][divider line_type=&#8221;No Line&#8221;][\/vc_column][\/vc_row][vc_row type=&#8221;full_width_background&#8221; full_screen_row_position=&#8221;middle&#8221; column_margin=&#8221;default&#8221; column_direction=&#8221;default&#8221; column_direction_tablet=&#8221;default&#8221; column_direction_phone=&#8221;default&#8221; bg_color=&#8221;#f6eeea&#8221; scene_position=&#8221;center&#8221; top_padding=&#8221;2,5%&#8221; bottom_padding=&#8221;2,5%&#8221; bottom_padding_phone=&#8221;20%&#8221; text_color=&#8221;dark&#8221; text_align=&#8221;left&#8221; row_border_radius=&#8221;none&#8221; row_border_radius_applies=&#8221;bg&#8221; overflow=&#8221;visible&#8221; id=&#8221;obiettivi&#8221; advanced_gradient_angle=&#8221;0&#8243; overlay_strength=&#8221;0.3&#8243; gradient_direction=&#8221;left_to_right&#8221; shape_divider_position=&#8221;bottom&#8221; bg_image_animation=&#8221;none&#8221; gradient_type=&#8221;default&#8221; shape_type=&#8221;&#8221;][vc_column column_padding=&#8221;no-extra-padding&#8221; column_padding_tablet=&#8221;inherit&#8221; column_padding_phone=&#8221;inherit&#8221; column_padding_position=&#8221;all&#8221; column_element_spacing=&#8221;default&#8221; centered_text=&#8221;true&#8221; background_color_opacity=&#8221;1&#8243; background_hover_color_opacity=&#8221;1&#8243; column_shadow=&#8221;none&#8221; column_border_radius=&#8221;none&#8221; column_link_target=&#8221;_self&#8221; column_position=&#8221;default&#8221; advanced_gradient_angle=&#8221;0&#8243; gradient_direction=&#8221;left_to_right&#8221; overlay_strength=&#8221;0.3&#8243; width=&#8221;1\/1&#8243; tablet_width_inherit=&#8221;default&#8221; tablet_text_alignment=&#8221;default&#8221; phone_text_alignment=&#8221;default&#8221; animation_type=&#8221;default&#8221; bg_image_animation=&#8221;none&#8221; border_type=&#8221;simple&#8221; column_border_width=&#8221;none&#8221; column_border_style=&#8221;solid&#8221; gradient_type=&#8221;default&#8221;][vc_column_text]\n<h2 style=\"text-align: center;\">Obiettivi<\/h2>\n[\/vc_column_text][image_with_animation image_url=&#8221;7047&#8243; image_size=&#8221;full&#8221; animation_type=&#8221;entrance&#8221; animation=&#8221;Fade In&#8221; hover_animation=&#8221;none&#8221; alignment=&#8221;&#8221; border_radius=&#8221;none&#8221; box_shadow=&#8221;none&#8221; image_loading=&#8221;default&#8221; max_width=&#8221;100%&#8221; max_width_mobile=&#8221;default&#8221;][vc_column_text]<strong>Il multilinguismo<\/strong> \u00e8 una chiave che apre le porte del mondo. Parlare pi\u00f9 lingue non solo permette di comunicare con persone di diverse culture, ma offre anche una nuova prospettiva sulla vita: un <strong>poliglotta<\/strong> pensa diversamente, osserva il mondo con occhi nuovi e vive le esperienze in modo unico!<\/p>\n<p>Per come la vediamo noi, <strong>conoscenze<\/strong> e <strong>competenze linguistiche di livello superiore<\/strong> mixate a <strong>conoscenze<\/strong> e <strong>competenze tecniche in diversi settori<\/strong> pu\u00f2 trasformare uno studente in uno <strong>studente eccezionale<\/strong>: un <strong>cittadino del mondo<\/strong>, pronto a cogliere le opportunit\u00e0 e a fare la differenza.[\/vc_column_text][nectar_btn size=&#8221;large&#8221; button_style=&#8221;regular&#8221; button_color_2=&#8221;Accent-Color&#8221; icon_family=&#8221;none&#8221; text=&#8221;PARTECIPA ALL&#8217;OPEN DAY&#8221; url=&#8221;#openday&#8221; margin_left=&#8221;2&#8243; margin_right=&#8221;2&#8243; margin_top=&#8221;1&#8243; margin_bottom=&#8221;1&#8243;][\/vc_column][\/vc_row][vc_row type=&#8221;full_width_background&#8221; full_screen_row_position=&#8221;middle&#8221; column_margin=&#8221;default&#8221; column_direction=&#8221;default&#8221; column_direction_tablet=&#8221;default&#8221; column_direction_phone=&#8221;default&#8221; bg_color=&#8221;#f6eeea&#8221; scene_position=&#8221;center&#8221; bottom_padding=&#8221;5%&#8221; bottom_padding_phone=&#8221;20%&#8221; text_color=&#8221;dark&#8221; text_align=&#8221;left&#8221; row_border_radius=&#8221;none&#8221; row_border_radius_applies=&#8221;bg&#8221; overflow=&#8221;visible&#8221; advanced_gradient_angle=&#8221;0&#8243; overlay_strength=&#8221;0.3&#8243; gradient_direction=&#8221;left_to_right&#8221; shape_divider_position=&#8221;bottom&#8221; bg_image_animation=&#8221;none&#8221; gradient_type=&#8221;default&#8221; shape_type=&#8221;&#8221;][vc_column column_padding=&#8221;no-extra-padding&#8221; column_padding_tablet=&#8221;inherit&#8221; column_padding_phone=&#8221;inherit&#8221; column_padding_position=&#8221;all&#8221; column_element_spacing=&#8221;default&#8221; background_color_opacity=&#8221;1&#8243; background_hover_color_opacity=&#8221;1&#8243; column_shadow=&#8221;none&#8221; column_border_radius=&#8221;none&#8221; column_link_target=&#8221;_self&#8221; column_position=&#8221;default&#8221; gradient_direction=&#8221;left_to_right&#8221; overlay_strength=&#8221;0.3&#8243; width=&#8221;1\/1&#8243; tablet_width_inherit=&#8221;default&#8221; tablet_text_alignment=&#8221;default&#8221; phone_text_alignment=&#8221;default&#8221; animation_type=&#8221;default&#8221; bg_image_animation=&#8221;none&#8221; border_type=&#8221;simple&#8221; column_border_width=&#8221;none&#8221; column_border_style=&#8221;solid&#8221;][vc_row_inner column_margin=&#8221;default&#8221; column_direction=&#8221;default&#8221; column_direction_tablet=&#8221;default&#8221; column_direction_phone=&#8221;default&#8221; text_align=&#8221;left&#8221; row_position=&#8221;default&#8221; row_position_tablet=&#8221;inherit&#8221; row_position_phone=&#8221;inherit&#8221; overflow=&#8221;visible&#8221; pointer_events=&#8221;all&#8221;][vc_column_inner column_padding=&#8221;no-extra-padding&#8221; column_padding_tablet=&#8221;inherit&#8221; column_padding_phone=&#8221;inherit&#8221; column_padding_position=&#8221;all&#8221; column_element_spacing=&#8221;default&#8221; background_color_opacity=&#8221;1&#8243; background_hover_color_opacity=&#8221;1&#8243; column_shadow=&#8221;none&#8221; column_border_radius=&#8221;none&#8221; column_link_target=&#8221;_self&#8221; gradient_direction=&#8221;left_to_right&#8221; overlay_strength=&#8221;0.3&#8243; width=&#8221;1\/4&#8243; tablet_width_inherit=&#8221;default&#8221; animation_type=&#8221;default&#8221; bg_image_animation=&#8221;none&#8221; border_type=&#8221;simple&#8221; column_border_width=&#8221;none&#8221; column_border_style=&#8221;solid&#8221;][fancy_box box_style=&#8221;color_box_hover&#8221; icon_family=&#8221;custom&#8221; custom_icon_image=&#8221;540&#8243; color=&#8221;extra-color-gradient-1&#8243; color_box_hover_overlay_opacity=&#8221;default&#8221; box_alignment=&#8221;left&#8221; border_radius=&#8221;default&#8221; image_loading=&#8221;default&#8221; icon_size=&#8221;80&#8243;]\n<h4>Traduzione<\/h4>\n<p>Ti insegniamo le tecniche di<strong> mediazione linguistica scritta<\/strong> di testi in ambito socio-economico, giuridico, turistico e medico-scientifico con un approccio pratico;[\/fancy_box][\/vc_column_inner][vc_column_inner column_padding=&#8221;no-extra-padding&#8221; column_padding_tablet=&#8221;inherit&#8221; column_padding_phone=&#8221;inherit&#8221; column_padding_position=&#8221;all&#8221; column_element_spacing=&#8221;default&#8221; background_color_opacity=&#8221;1&#8243; background_hover_color_opacity=&#8221;1&#8243; column_shadow=&#8221;none&#8221; column_border_radius=&#8221;none&#8221; column_link_target=&#8221;_self&#8221; gradient_direction=&#8221;left_to_right&#8221; overlay_strength=&#8221;0.3&#8243; width=&#8221;1\/4&#8243; tablet_width_inherit=&#8221;default&#8221; animation_type=&#8221;default&#8221; bg_image_animation=&#8221;none&#8221; border_type=&#8221;simple&#8221; column_border_width=&#8221;none&#8221; column_border_style=&#8221;solid&#8221;][fancy_box box_style=&#8221;color_box_hover&#8221; icon_family=&#8221;custom&#8221; custom_icon_image=&#8221;547&#8243; color=&#8221;extra-color-gradient-1&#8243; color_box_hover_overlay_opacity=&#8221;default&#8221; box_alignment=&#8221;left&#8221; border_radius=&#8221;default&#8221; image_loading=&#8221;default&#8221; icon_size=&#8221;80&#8243;]\n<h4>Interpretazione<\/h4>\n<p>Ti insegniamo le tecniche di <strong>mediazione linguistica orale<\/strong> con ore di pratica e laboratori per l\u2019interpretazione consecutiva, di trattativa, <a href=\"https:\/\/it.wikipedia.org\/wiki\/Chuchotage\"><em>chuchotage<\/em> <\/a>e avviamento alla simultanea nell\u2019ambito imprenditoriale e istituzionale;[\/fancy_box][\/vc_column_inner][vc_column_inner column_padding=&#8221;no-extra-padding&#8221; column_padding_tablet=&#8221;inherit&#8221; column_padding_phone=&#8221;inherit&#8221; column_padding_position=&#8221;all&#8221; column_element_spacing=&#8221;default&#8221; background_color_opacity=&#8221;1&#8243; background_hover_color_opacity=&#8221;1&#8243; column_shadow=&#8221;none&#8221; column_border_radius=&#8221;none&#8221; column_link_target=&#8221;_self&#8221; gradient_direction=&#8221;left_to_right&#8221; overlay_strength=&#8221;0.3&#8243; width=&#8221;1\/4&#8243; tablet_width_inherit=&#8221;default&#8221; animation_type=&#8221;default&#8221; bg_image_animation=&#8221;none&#8221; border_type=&#8221;simple&#8221; column_border_width=&#8221;none&#8221; column_border_style=&#8221;solid&#8221;][fancy_box box_style=&#8221;color_box_hover&#8221; icon_family=&#8221;custom&#8221; custom_icon_image=&#8221;548&#8243; color=&#8221;extra-color-gradient-1&#8243; color_box_hover_overlay_opacity=&#8221;default&#8221; box_alignment=&#8221;left&#8221; border_radius=&#8221;default&#8221; image_loading=&#8221;default&#8221; icon_size=&#8221;80&#8243;]\n<h4>Lavoro<\/h4>\n<p>Ti prepariamo al mondo aziendale con focus sulle discipline economico-giuridiche, in lingua inglese e materie specifiche a seconda dell\u2019indirizzo di studio scelto;[\/fancy_box][\/vc_column_inner][vc_column_inner column_padding=&#8221;no-extra-padding&#8221; column_padding_tablet=&#8221;inherit&#8221; column_padding_phone=&#8221;inherit&#8221; column_padding_position=&#8221;all&#8221; column_element_spacing=&#8221;default&#8221; background_color_opacity=&#8221;1&#8243; background_hover_color_opacity=&#8221;1&#8243; column_shadow=&#8221;none&#8221; column_border_radius=&#8221;none&#8221; column_link_target=&#8221;_self&#8221; gradient_direction=&#8221;left_to_right&#8221; overlay_strength=&#8221;0.3&#8243; width=&#8221;1\/4&#8243; tablet_width_inherit=&#8221;default&#8221; animation_type=&#8221;default&#8221; bg_image_animation=&#8221;none&#8221; border_type=&#8221;simple&#8221; column_border_width=&#8221;none&#8221; column_border_style=&#8221;solid&#8221;][fancy_box box_style=&#8221;color_box_hover&#8221; icon_family=&#8221;custom&#8221; custom_icon_image=&#8221;548&#8243; color=&#8221;extra-color-gradient-1&#8243; color_box_hover_overlay_opacity=&#8221;default&#8221; box_alignment=&#8221;left&#8221; border_radius=&#8221;default&#8221; image_loading=&#8221;default&#8221; icon_size=&#8221;80&#8243;]\n<h4>Stage<\/h4>\n<p>Organizziamo con te il tirocinio formativo curriculare in Italia o all\u2019estero; lo stage ti introdurr\u00e0 nel mondo del lavoro con la sfida di farti applicare conoscenze e competenze sul campo.[\/fancy_box][\/vc_column_inner][\/vc_row_inner][vc_row_inner content_placement=&#8221;middle&#8221; column_margin=&#8221;default&#8221; column_direction=&#8221;default&#8221; column_direction_tablet=&#8221;default&#8221; column_direction_phone=&#8221;default&#8221; text_align=&#8221;left&#8221; row_position=&#8221;default&#8221; row_position_tablet=&#8221;inherit&#8221; row_position_phone=&#8221;inherit&#8221; overflow=&#8221;visible&#8221; pointer_events=&#8221;all&#8221;][vc_column_inner column_padding=&#8221;no-extra-padding&#8221; column_padding_tablet=&#8221;inherit&#8221; column_padding_phone=&#8221;inherit&#8221; column_padding_position=&#8221;all&#8221; column_element_spacing=&#8221;default&#8221; centered_text=&#8221;true&#8221; background_color_opacity=&#8221;1&#8243; background_hover_color_opacity=&#8221;1&#8243; column_shadow=&#8221;none&#8221; column_border_radius=&#8221;none&#8221; column_link_target=&#8221;_self&#8221; advanced_gradient_angle=&#8221;0&#8243; gradient_direction=&#8221;left_to_right&#8221; overlay_strength=&#8221;0.3&#8243; width=&#8221;1\/1&#8243; tablet_width_inherit=&#8221;default&#8221; animation_type=&#8221;default&#8221; bg_image_animation=&#8221;none&#8221; border_type=&#8221;simple&#8221; column_border_width=&#8221;none&#8221; column_border_style=&#8221;solid&#8221; gradient_type=&#8221;default&#8221;][nectar_btn size=&#8221;large&#8221; button_style=&#8221;regular&#8221; button_color_2=&#8221;Accent-Color&#8221; icon_family=&#8221;none&#8221; text=&#8221;PARTECIPA ALL&#8217;OPEN DAY&#8221; url=&#8221;#openday&#8221; margin_left=&#8221;2&#8243; margin_right=&#8221;2&#8243; margin_top=&#8221;1&#8243; margin_bottom=&#8221;1&#8243;][\/vc_column_inner][\/vc_row_inner][\/vc_column][\/vc_row][vc_row type=&#8221;full_width_background&#8221; full_screen_row_position=&#8221;middle&#8221; column_margin=&#8221;default&#8221; column_direction=&#8221;default&#8221; column_direction_tablet=&#8221;default&#8221; column_direction_phone=&#8221;default&#8221; bg_color=&#8221;#ffffff&#8221; scene_position=&#8221;center&#8221; bottom_padding=&#8221;5%&#8221; bottom_padding_phone=&#8221;20%&#8221; text_color=&#8221;dark&#8221; text_align=&#8221;left&#8221; row_border_radius=&#8221;none&#8221; row_border_radius_applies=&#8221;bg&#8221; overflow=&#8221;visible&#8221; advanced_gradient_angle=&#8221;0&#8243; overlay_strength=&#8221;0.3&#8243; gradient_direction=&#8221;left_to_right&#8221; shape_divider_position=&#8221;bottom&#8221; bg_image_animation=&#8221;none&#8221; gradient_type=&#8221;default&#8221; shape_type=&#8221;&#8221;][vc_column column_padding=&#8221;no-extra-padding&#8221; column_padding_tablet=&#8221;inherit&#8221; column_padding_phone=&#8221;inherit&#8221; column_padding_position=&#8221;all&#8221; column_element_spacing=&#8221;default&#8221; background_color_opacity=&#8221;1&#8243; background_hover_color_opacity=&#8221;1&#8243; column_shadow=&#8221;none&#8221; column_border_radius=&#8221;none&#8221; column_link_target=&#8221;_self&#8221; column_position=&#8221;default&#8221; gradient_direction=&#8221;left_to_right&#8221; overlay_strength=&#8221;0.3&#8243; width=&#8221;1\/1&#8243; tablet_width_inherit=&#8221;default&#8221; tablet_text_alignment=&#8221;default&#8221; phone_text_alignment=&#8221;default&#8221; animation_type=&#8221;default&#8221; bg_image_animation=&#8221;none&#8221; border_type=&#8221;simple&#8221; column_border_width=&#8221;none&#8221; column_border_style=&#8221;solid&#8221;][divider line_type=&#8221;No Line&#8221; custom_height=&#8221;50&#8243;][vc_column_text]\n<h3>Se sei uno studente<span style=\"color: #cf1315;\"> SSML Pisa<\/span> e non uno di Lingue e Letteratura:<\/h3>\n[\/vc_column_text]<div class=\"nectar-fancy-ul\" data-list-icon=\"fa fa-check\" data-animation=\"false\" data-animation-delay=\"0\" data-color=\"accent-color\" data-spacing=\"25px\" data-alignment=\"left\"> \n<ul>\n<li>Vieni <strong>preparato<\/strong>, <strong>seguito<\/strong> e <strong>istruito<\/strong> per tradurre contenuti scritti e orali di diversa natura, utili in ambito aziendale;<\/li>\n<li>Sei in grado di <strong>distinguerti<\/strong> nell\u2019arte dell\u2019<strong>interpretazione di conferenza<\/strong> (consecutiva e simultanea), <strong>tradurre<\/strong> e <strong>interpretare discorsi specialistici<\/strong> nella prima e nella seconda lingua.<\/li>\n<li>Sarai immerso in un\u2019<strong>applicazione concreta e pratica della conoscenza delle lingue<\/strong> <strong>e traduzione<\/strong> <strong>di testi<\/strong> scritti fino all&#8217;interpretazione<strong> di un discorso pronunciato oralmente<\/strong> durante, ad esempio, un convegno<\/li>\n<li>\u00a0Conseguirai un totale 126 CFU su 180\u00a0 relativi agli esami in lingua rispetto ai 54 della L11<\/li>\n<li>Il tuo elaborato per la Tesi sar\u00e0 lo specchio del lavoro dei tre anni: concreto, utile e in lingua.<\/li>\n<\/ul>\n <\/div>[nectar_btn size=&#8221;large&#8221; button_style=&#8221;regular&#8221; button_color_2=&#8221;Accent-Color&#8221; icon_family=&#8221;none&#8221; text=&#8221;PARTECIPA ALL&#8217;OPEN DAY&#8221; url=&#8221;#openday&#8221; margin_left=&#8221;2&#8243; margin_right=&#8221;2&#8243; margin_top=&#8221;1&#8243; margin_bottom=&#8221;1&#8243;][\/vc_column][\/vc_row][vc_row type=&#8221;full_width_background&#8221; full_screen_row_position=&#8221;middle&#8221; column_margin=&#8221;default&#8221; column_direction=&#8221;default&#8221; column_direction_tablet=&#8221;default&#8221; column_direction_phone=&#8221;default&#8221; bg_color=&#8221;#f6eeea&#8221; scene_position=&#8221;center&#8221; bottom_padding=&#8221;5%&#8221; bottom_padding_phone=&#8221;20%&#8221; text_color=&#8221;dark&#8221; text_align=&#8221;left&#8221; row_border_radius=&#8221;none&#8221; row_border_radius_applies=&#8221;bg&#8221; overflow=&#8221;visible&#8221; disable_element=&#8221;yes&#8221; advanced_gradient_angle=&#8221;0&#8243; overlay_strength=&#8221;0.3&#8243; gradient_direction=&#8221;left_to_right&#8221; shape_divider_position=&#8221;bottom&#8221; bg_image_animation=&#8221;none&#8221; gradient_type=&#8221;default&#8221; shape_type=&#8221;&#8221;][vc_column column_padding=&#8221;no-extra-padding&#8221; column_padding_tablet=&#8221;inherit&#8221; column_padding_phone=&#8221;inherit&#8221; column_padding_position=&#8221;all&#8221; column_element_spacing=&#8221;default&#8221; background_color_opacity=&#8221;1&#8243; background_hover_color_opacity=&#8221;1&#8243; column_shadow=&#8221;none&#8221; column_border_radius=&#8221;none&#8221; column_link_target=&#8221;_self&#8221; column_position=&#8221;default&#8221; gradient_direction=&#8221;left_to_right&#8221; overlay_strength=&#8221;0.3&#8243; width=&#8221;1\/6&#8243; tablet_width_inherit=&#8221;default&#8221; tablet_text_alignment=&#8221;default&#8221; phone_text_alignment=&#8221;default&#8221; animation_type=&#8221;default&#8221; bg_image_animation=&#8221;none&#8221; border_type=&#8221;simple&#8221; column_border_width=&#8221;none&#8221; column_border_style=&#8221;solid&#8221;][\/vc_column][vc_column column_padding=&#8221;no-extra-padding&#8221; column_padding_tablet=&#8221;inherit&#8221; column_padding_phone=&#8221;inherit&#8221; column_padding_position=&#8221;all&#8221; column_element_spacing=&#8221;default&#8221; background_color_opacity=&#8221;1&#8243; background_hover_color_opacity=&#8221;1&#8243; column_shadow=&#8221;none&#8221; column_border_radius=&#8221;none&#8221; column_link_target=&#8221;_self&#8221; column_position=&#8221;default&#8221; gradient_direction=&#8221;left_to_right&#8221; overlay_strength=&#8221;0.3&#8243; width=&#8221;2\/3&#8243; tablet_width_inherit=&#8221;default&#8221; tablet_text_alignment=&#8221;default&#8221; phone_text_alignment=&#8221;default&#8221; animation_type=&#8221;default&#8221; bg_image_animation=&#8221;none&#8221; border_type=&#8221;simple&#8221; column_border_width=&#8221;none&#8221; column_border_style=&#8221;solid&#8221;][vc_column_text]\n<h3><span style=\"color: #cf1523;\">Hai bisogno di maggiori informazioni?<\/span><\/h3>\n[\/vc_column_text][nectar_btn size=&#8221;medium&#8221; button_style=&#8221;regular&#8221; button_color_2=&#8221;Accent-Color&#8221; icon_family=&#8221;none&#8221; text=&#8221;CONTATTACI QUI&#8221; url=&#8221;\/contatti\/&#8221;][\/vc_column][vc_column column_padding=&#8221;no-extra-padding&#8221; column_padding_tablet=&#8221;inherit&#8221; column_padding_phone=&#8221;inherit&#8221; column_padding_position=&#8221;all&#8221; column_element_spacing=&#8221;default&#8221; background_color_opacity=&#8221;1&#8243; background_hover_color_opacity=&#8221;1&#8243; column_shadow=&#8221;none&#8221; column_border_radius=&#8221;none&#8221; column_link_target=&#8221;_self&#8221; column_position=&#8221;default&#8221; gradient_direction=&#8221;left_to_right&#8221; overlay_strength=&#8221;0.3&#8243; width=&#8221;1\/6&#8243; tablet_width_inherit=&#8221;default&#8221; tablet_text_alignment=&#8221;default&#8221; phone_text_alignment=&#8221;default&#8221; animation_type=&#8221;default&#8221; bg_image_animation=&#8221;none&#8221; border_type=&#8221;simple&#8221; column_border_width=&#8221;none&#8221; column_border_style=&#8221;solid&#8221;][\/vc_column][\/vc_row][vc_row type=&#8221;full_width_background&#8221; full_screen_row_position=&#8221;middle&#8221; column_margin=&#8221;default&#8221; column_direction=&#8221;default&#8221; column_direction_tablet=&#8221;default&#8221; column_direction_phone=&#8221;default&#8221; bg_color=&#8221;#f6eeea&#8221; scene_position=&#8221;center&#8221; bottom_padding=&#8221;5%&#8221; bottom_padding_phone=&#8221;20%&#8221; text_color=&#8221;dark&#8221; text_align=&#8221;left&#8221; row_border_radius=&#8221;none&#8221; row_border_radius_applies=&#8221;bg&#8221; overflow=&#8221;visible&#8221; disable_element=&#8221;yes&#8221; advanced_gradient_angle=&#8221;0&#8243; overlay_strength=&#8221;0.3&#8243; gradient_direction=&#8221;left_to_right&#8221; shape_divider_position=&#8221;bottom&#8221; bg_image_animation=&#8221;none&#8221; gradient_type=&#8221;default&#8221; shape_type=&#8221;&#8221;][vc_column column_padding=&#8221;no-extra-padding&#8221; column_padding_tablet=&#8221;inherit&#8221; column_padding_phone=&#8221;inherit&#8221; column_padding_position=&#8221;all&#8221; column_element_spacing=&#8221;default&#8221; background_color_opacity=&#8221;1&#8243; background_hover_color_opacity=&#8221;1&#8243; column_shadow=&#8221;none&#8221; column_border_radius=&#8221;none&#8221; column_link_target=&#8221;_self&#8221; column_position=&#8221;default&#8221; gradient_direction=&#8221;left_to_right&#8221; overlay_strength=&#8221;0.3&#8243; width=&#8221;1\/12&#8243; tablet_width_inherit=&#8221;default&#8221; tablet_text_alignment=&#8221;default&#8221; phone_text_alignment=&#8221;default&#8221; animation_type=&#8221;default&#8221; bg_image_animation=&#8221;none&#8221; border_type=&#8221;simple&#8221; column_border_width=&#8221;none&#8221; column_border_style=&#8221;solid&#8221;][\/vc_column][vc_column column_padding=&#8221;no-extra-padding&#8221; column_padding_tablet=&#8221;inherit&#8221; column_padding_phone=&#8221;inherit&#8221; column_padding_position=&#8221;all&#8221; column_element_spacing=&#8221;default&#8221; background_color=&#8221;#ffffff&#8221; background_color_opacity=&#8221;1&#8243; background_hover_color_opacity=&#8221;1&#8243; column_shadow=&#8221;none&#8221; column_border_radius=&#8221;none&#8221; column_link_target=&#8221;_self&#8221; column_position=&#8221;default&#8221; advanced_gradient_angle=&#8221;0&#8243; gradient_direction=&#8221;left_to_right&#8221; overlay_strength=&#8221;0.3&#8243; width=&#8221;5\/12&#8243; tablet_width_inherit=&#8221;default&#8221; tablet_text_alignment=&#8221;default&#8221; phone_text_alignment=&#8221;default&#8221; animation_type=&#8221;default&#8221; bg_image_animation=&#8221;none&#8221; border_type=&#8221;simple&#8221; column_border_width=&#8221;none&#8221; column_border_style=&#8221;solid&#8221; gradient_type=&#8221;default&#8221;][toggles style=&#8221;minimal&#8221;][toggle color=&#8221;Accent-Color&#8221; title=&#8221;Area della Mediazione linguistica scritta&#8221;][vc_column_text css=&#8221;.vc_custom_1656422724163{padding-right: 40px !important;padding-left: 40px !important;}&#8221;]\n<ul>\n<li>Agenzie di traduzione e di traduzione tecnico-scientifico<\/li>\n<li>Agenzie di sottotitolaggio<\/li>\n<li>Agenzie di comunicazione e Uffici stampa<\/li>\n<li>Traduttori Freelance<\/li>\n<li>Studi legali internazionali<\/li>\n<li>Studi medici esteri<\/li>\n<\/ul>\n[\/vc_column_text][\/toggle][toggle color=&#8221;Accent-Color&#8221; title=&#8221;Area della Mediazione linguistica orale&#8221;][vc_column_text css=&#8221;.vc_custom_1656423085807{padding-right: 40px !important;padding-left: 40px !important;}&#8221;]\n<ul>\n<li>Interprete per istituzioni pubbliche italiane ed estere<\/li>\n<li>Interprete presso organismi e istituzioni internazionali o nazionali<\/li>\n<li>Interprete freelance per enti privati<\/li>\n<li>Mediatore linguistico interculturale<\/li>\n<li>Interprete per enti non governativi nazionali ed internazionali.<\/li>\n<\/ul>\n[\/vc_column_text][\/toggle][toggle color=&#8221;Accent-Color&#8221; title=&#8221;Area della Comunicazione e delle Relazioni Internazionali&#8221;][vc_column_text css=&#8221;.vc_custom_1656423128528{padding-right: 40px !important;padding-left: 40px !important;}&#8221;]\n<ul>\n<li>Uffici stampa internazionali<\/li>\n<li>Compagnie del settore tecnologia digitale multilingue<\/li>\n<li>Aziende di social media marketing<\/li>\n<li>Societ\u00e0 di servizi linguistici e consulenza multiculturale<\/li>\n<li>Imprese di Web marketing internazionale<\/li>\n<li>Settore customer care per aziende internazionali<\/li>\n<li>Agenzie di Public relations<\/li>\n<li>Assistenza clienti compagnie internazionali<\/li>\n<li>Public relation manager per societ\u00e0 multinazionali<\/li>\n<\/ul>\n[\/vc_column_text][\/toggle][toggle color=&#8221;Accent-Color&#8221; title=&#8221;Area del Turismo&#8221;][vc_column_text css=&#8221;.vc_custom_1656423635689{padding-right: 40px !important;padding-left: 40px !important;}&#8221;]\n<ul>\n<li>Strutture ricettive e ristorative<\/li>\n<li>Tour operator e Agenzie di viaggio<\/li>\n<li>Strutture di promozione turistica<\/li>\n<li>Guide Turistiche<\/li>\n<li>Enti pubblici comunali, regionali, europei e internazionali<\/li>\n<li>Infopoint<\/li>\n<\/ul>\n[\/vc_column_text][\/toggle][\/toggles][\/vc_column][vc_column column_padding=&#8221;no-extra-padding&#8221; column_padding_tablet=&#8221;inherit&#8221; column_padding_phone=&#8221;inherit&#8221; column_padding_position=&#8221;all&#8221; column_element_spacing=&#8221;default&#8221; background_color=&#8221;#ffffff&#8221; background_color_opacity=&#8221;1&#8243; background_hover_color_opacity=&#8221;1&#8243; column_shadow=&#8221;none&#8221; column_border_radius=&#8221;none&#8221; column_link_target=&#8221;_self&#8221; column_position=&#8221;default&#8221; advanced_gradient_angle=&#8221;0&#8243; gradient_direction=&#8221;left_to_right&#8221; overlay_strength=&#8221;0.3&#8243; width=&#8221;5\/12&#8243; tablet_width_inherit=&#8221;default&#8221; tablet_text_alignment=&#8221;default&#8221; phone_text_alignment=&#8221;default&#8221; animation_type=&#8221;default&#8221; bg_image_animation=&#8221;none&#8221; border_type=&#8221;simple&#8221; column_border_width=&#8221;none&#8221; column_border_style=&#8221;solid&#8221; gradient_type=&#8221;default&#8221;][toggles style=&#8221;minimal&#8221;][toggle color=&#8221;Accent-Color&#8221; title=&#8221;Area del Marketing e vendite&#8221;][vc_column_text css=&#8221;.vc_custom_1656423168020{padding-right: 40px !important;padding-left: 40px !important;}&#8221;]\n<ul>\n<li>Agenzie immobiliari internazionali<\/li>\n<li>Multinazionali del settore moda, luxury<\/li>\n<li>Aziende vitivinicole e settore enogastronomico<\/li>\n<li>Area Booking<\/li>\n<\/ul>\n[\/vc_column_text][\/toggle][toggle color=&#8221;Accent-Color&#8221; title=&#8221;Area Aziendale&#8221;][vc_column_text css=&#8221;.vc_custom_1656423194728{padding-right: 40px !important;padding-left: 40px !important;}&#8221;]\n<ul>\n<li>Societ\u00e0 di import-export<\/li>\n<li>Settore estero aziende nazionali ed internazionali<\/li>\n<li>Settore Marketing di imprese commerciali e industriali<\/li>\n<li>Uffici acquisti italiani e esteri<\/li>\n<li>Enti di Gestione Fiere<\/li>\n<li>CCIAA (Camere di Commercio italiane e estere)<\/li>\n<\/ul>\n[\/vc_column_text][\/toggle][toggle color=&#8221;Accent-Color&#8221; title=&#8221;Area Culturale&#8221;][vc_column_text css=&#8221;.vc_custom_1656423233401{padding-right: 40px !important;padding-left: 40px !important;}&#8221;]\n<ul>\n<li>Musei e Soprintendenze<\/li>\n<li>Mostre temporanee e permanenti<\/li>\n<li>Associazioni e centri culturali<\/li>\n<li>Parchi a tema<\/li>\n<li>Librerie e Case editrici<\/li>\n<\/ul>\n[\/vc_column_text][\/toggle][toggle color=&#8221;Accent-Color&#8221; title=&#8221;Organizzazione di eventi&#8221;][vc_column_text css=&#8221;.vc_custom_1656423254984{padding-right: 40px !important;padding-left: 40px !important;}&#8221;]\n<ul>\n<li>Mostre e Conferenze<\/li>\n<li>Eventi culturali<\/li>\n<li>Live shows<\/li>\n<li>Agenzie di Wedding planner<\/li>\n<li>Societ\u00e0 di Destination Management Company<\/li>\n<\/ul>\n[\/vc_column_text][\/toggle][toggle color=&#8221;Accent-Color&#8221; title=&#8221;Area trasporti&#8221;][vc_column_text css=&#8221;.vc_custom_1656423289619{padding-right: 40px !important;padding-left: 40px !important;}&#8221;]\n<ul>\n<li>Ditte di logistica internazionale<\/li>\n<li>Enti portuali<\/li>\n<li>Compagnie aeree, navali, ferroviarie<\/li>\n<li>Uffici informazioni Aeroportuali<\/li>\n<li>Agenzie di noleggio auto<\/li>\n<li>Agenzie di spedizioni e di Trasporti internazionali<\/li>\n<li>Marina mercantile<\/li>\n<li>Armatori e compagnie navali<\/li>\n<\/ul>\n[\/vc_column_text][\/toggle][\/toggles][\/vc_column][vc_column column_padding=&#8221;no-extra-padding&#8221; column_padding_tablet=&#8221;inherit&#8221; column_padding_phone=&#8221;inherit&#8221; column_padding_position=&#8221;all&#8221; column_element_spacing=&#8221;default&#8221; background_color_opacity=&#8221;1&#8243; background_hover_color_opacity=&#8221;1&#8243; column_shadow=&#8221;none&#8221; column_border_radius=&#8221;none&#8221; column_link_target=&#8221;_self&#8221; column_position=&#8221;default&#8221; gradient_direction=&#8221;left_to_right&#8221; overlay_strength=&#8221;0.3&#8243; width=&#8221;1\/12&#8243; tablet_width_inherit=&#8221;default&#8221; tablet_text_alignment=&#8221;default&#8221; phone_text_alignment=&#8221;default&#8221; animation_type=&#8221;default&#8221; bg_image_animation=&#8221;none&#8221; border_type=&#8221;simple&#8221; column_border_width=&#8221;none&#8221; column_border_style=&#8221;solid&#8221;][\/vc_column][\/vc_row][vc_row type=&#8221;full_width_background&#8221; full_screen_row_position=&#8221;middle&#8221; column_margin=&#8221;default&#8221; equal_height=&#8221;yes&#8221; content_placement=&#8221;top&#8221; column_direction=&#8221;default&#8221; column_direction_tablet=&#8221;default&#8221; column_direction_phone=&#8221;default&#8221; bg_color=&#8221;#fbf8f7&#8243; scene_position=&#8221;center&#8221; top_padding=&#8221;5%&#8221; bottom_padding=&#8221;5%&#8221; bottom_padding_phone=&#8221;20%&#8221; text_color=&#8221;dark&#8221; text_align=&#8221;left&#8221; row_border_radius=&#8221;none&#8221; row_border_radius_applies=&#8221;bg&#8221; overflow=&#8221;visible&#8221; advanced_gradient_angle=&#8221;0&#8243; overlay_strength=&#8221;0.3&#8243; gradient_direction=&#8221;left_to_right&#8221; shape_divider_position=&#8221;bottom&#8221; bg_image_animation=&#8221;none&#8221; gradient_type=&#8221;default&#8221; shape_type=&#8221;&#8221;][vc_column column_padding=&#8221;no-extra-padding&#8221; column_padding_tablet=&#8221;inherit&#8221; column_padding_phone=&#8221;inherit&#8221; column_padding_position=&#8221;all&#8221; column_element_spacing=&#8221;default&#8221; background_color_opacity=&#8221;1&#8243; background_hover_color_opacity=&#8221;1&#8243; column_shadow=&#8221;none&#8221; column_border_radius=&#8221;none&#8221; column_link_target=&#8221;_self&#8221; column_position=&#8221;default&#8221; gradient_direction=&#8221;left_to_right&#8221; overlay_strength=&#8221;0.3&#8243; width=&#8221;1\/12&#8243; tablet_width_inherit=&#8221;default&#8221; tablet_text_alignment=&#8221;default&#8221; phone_text_alignment=&#8221;default&#8221; animation_type=&#8221;default&#8221; bg_image_animation=&#8221;none&#8221; border_type=&#8221;simple&#8221; column_border_width=&#8221;none&#8221; column_border_style=&#8221;solid&#8221;][\/vc_column][vc_column column_padding=&#8221;no-extra-padding&#8221; column_padding_tablet=&#8221;inherit&#8221; column_padding_phone=&#8221;inherit&#8221; column_padding_position=&#8221;all&#8221; column_element_spacing=&#8221;default&#8221; background_color=&#8221;#ffffff&#8221; background_color_opacity=&#8221;1&#8243; background_hover_color_opacity=&#8221;1&#8243; column_shadow=&#8221;none&#8221; column_border_radius=&#8221;none&#8221; column_link_target=&#8221;_self&#8221; column_position=&#8221;default&#8221; advanced_gradient_angle=&#8221;0&#8243; gradient_direction=&#8221;left_to_right&#8221; overlay_strength=&#8221;0.3&#8243; width=&#8221;5\/12&#8243; tablet_width_inherit=&#8221;default&#8221; tablet_text_alignment=&#8221;default&#8221; phone_text_alignment=&#8221;default&#8221; animation_type=&#8221;default&#8221; bg_image_animation=&#8221;none&#8221; border_type=&#8221;simple&#8221; column_border_width=&#8221;none&#8221; column_border_style=&#8221;solid&#8221; gradient_type=&#8221;default&#8221;][fancy_box box_style=&#8221;color_box_hover&#8221; icon_family=&#8221;custom&#8221; color=&#8221;extra-color-gradient-1&#8243; color_custom=&#8221;#ffffff&#8221; color_box_hover_overlay_opacity=&#8221;default&#8221; box_alignment=&#8221;left&#8221; border_radius=&#8221;default&#8221; image_loading=&#8221;default&#8221;]\n<h4 style=\"text-align: center;\">Gli altri:<br \/>\nL11 Lingue e letteratura straniere<\/h4>\n<p style=\"text-align: center; padding-bottom: 0.3em;\"><span style=\"color: #cf1523;\">Esami in ambito filologico letterario<\/span><\/p>\n<h4 style=\"text-align: center;\"><span style=\"color: #cf1523;\">117<\/span><\/h4>\n<p style=\"text-align: center; padding-bottom: 0.3em;\">Esami di lingua<\/p>\n<h4 style=\"text-align: center;\">54<\/h4>\n<p style=\"text-align: center; padding-bottom: 0.3em;\">Esami non linguistici in ambito aziendale, giuridico e tecnico<\/p>\n<h4 style=\"text-align: center;\">3<\/h4>\n<p style=\"text-align: center; padding-bottom: 0.3em;\">Stage<\/p>\n<h4 style=\"text-align: center;\">0<\/h4>\n<p style=\"text-align: center; padding-bottom: 0.3em;\">Tesi<\/p>\n<h4 style=\"text-align: center;\">6<\/h4>\n[\/fancy_box][\/vc_column][vc_column column_padding=&#8221;no-extra-padding&#8221; column_padding_tablet=&#8221;inherit&#8221; column_padding_phone=&#8221;inherit&#8221; column_padding_position=&#8221;all&#8221; column_element_spacing=&#8221;default&#8221; background_color=&#8221;#ffffff&#8221; background_color_opacity=&#8221;1&#8243; background_hover_color_opacity=&#8221;1&#8243; column_shadow=&#8221;none&#8221; column_border_radius=&#8221;none&#8221; column_link_target=&#8221;_self&#8221; column_position=&#8221;default&#8221; advanced_gradient_angle=&#8221;0&#8243; gradient_direction=&#8221;left_to_right&#8221; overlay_strength=&#8221;0.3&#8243; width=&#8221;5\/12&#8243; tablet_width_inherit=&#8221;default&#8221; tablet_text_alignment=&#8221;default&#8221; phone_text_alignment=&#8221;default&#8221; animation_type=&#8221;default&#8221; bg_image_animation=&#8221;none&#8221; border_type=&#8221;simple&#8221; column_border_width=&#8221;none&#8221; column_border_style=&#8221;solid&#8221; gradient_type=&#8221;default&#8221;][fancy_box box_style=&#8221;color_box_hover&#8221; icon_family=&#8221;custom&#8221; color=&#8221;extra-color-gradient-1&#8243; color_box_hover_overlay_opacity=&#8221;default&#8221; box_alignment=&#8221;left&#8221; border_radius=&#8221;default&#8221; image_loading=&#8221;default&#8221;]\n<h4 style=\"text-align: center;\">Noi:<br \/>\nL12 Mediazione linguistica alla SSML di Pisa<\/h4>\n<p style=\"text-align: center; padding-bottom: 0.3em;\">Esami in ambito filologico letterario<\/p>\n<h4 style=\"text-align: center;\">12<\/h4>\n<p style=\"text-align: center; padding-bottom: 0.3em;\"><span style=\"color: #cf1523;\">Esami di lingua<\/span><\/p>\n<h4 style=\"text-align: center;\"><span style=\"color: #cf1523;\">126<\/span><\/h4>\n<p style=\"text-align: center; padding-bottom: 0.3em;\">Esami non linguistici in ambito aziendale, giuridico e tecnico<\/p>\n<h4 style=\"text-align: center;\">30<\/h4>\n<p style=\"text-align: center; padding-bottom: 0.3em;\">Stage<\/p>\n<h4 style=\"text-align: center;\">4<\/h4>\n<p style=\"text-align: center; padding-bottom: 0.3em;\">Tesi<\/p>\n<h4 style=\"text-align: center;\">8<\/h4>\n[\/fancy_box][\/vc_column][vc_column column_padding=&#8221;no-extra-padding&#8221; column_padding_tablet=&#8221;inherit&#8221; column_padding_phone=&#8221;inherit&#8221; column_padding_position=&#8221;all&#8221; column_element_spacing=&#8221;default&#8221; background_color_opacity=&#8221;1&#8243; background_hover_color_opacity=&#8221;1&#8243; column_shadow=&#8221;none&#8221; column_border_radius=&#8221;none&#8221; column_link_target=&#8221;_self&#8221; column_position=&#8221;default&#8221; gradient_direction=&#8221;left_to_right&#8221; overlay_strength=&#8221;0.3&#8243; width=&#8221;1\/12&#8243; tablet_width_inherit=&#8221;default&#8221; tablet_text_alignment=&#8221;default&#8221; phone_text_alignment=&#8221;default&#8221; animation_type=&#8221;default&#8221; bg_image_animation=&#8221;none&#8221; border_type=&#8221;simple&#8221; column_border_width=&#8221;none&#8221; column_border_style=&#8221;solid&#8221;][\/vc_column][\/vc_row][vc_row type=&#8221;full_width_background&#8221; full_screen_row_position=&#8221;middle&#8221; column_margin=&#8221;default&#8221; column_direction=&#8221;default&#8221; column_direction_tablet=&#8221;default&#8221; column_direction_phone=&#8221;default&#8221; bg_color=&#8221;#fbf8f7&#8243; scene_position=&#8221;center&#8221; bottom_padding=&#8221;5%&#8221; bottom_padding_phone=&#8221;20%&#8221; text_color=&#8221;dark&#8221; text_align=&#8221;left&#8221; row_border_radius=&#8221;none&#8221; row_border_radius_applies=&#8221;bg&#8221; overflow=&#8221;visible&#8221; advanced_gradient_angle=&#8221;0&#8243; overlay_strength=&#8221;0.3&#8243; gradient_direction=&#8221;left_to_right&#8221; shape_divider_position=&#8221;bottom&#8221; bg_image_animation=&#8221;none&#8221; gradient_type=&#8221;default&#8221; shape_type=&#8221;&#8221;][vc_column column_padding=&#8221;no-extra-padding&#8221; column_padding_tablet=&#8221;inherit&#8221; column_padding_phone=&#8221;inherit&#8221; column_padding_position=&#8221;all&#8221; column_element_spacing=&#8221;default&#8221; background_color_opacity=&#8221;1&#8243; background_hover_color_opacity=&#8221;1&#8243; column_shadow=&#8221;none&#8221; column_border_radius=&#8221;none&#8221; column_link_target=&#8221;_self&#8221; column_position=&#8221;default&#8221; gradient_direction=&#8221;left_to_right&#8221; overlay_strength=&#8221;0.3&#8243; width=&#8221;1\/1&#8243; tablet_width_inherit=&#8221;default&#8221; tablet_text_alignment=&#8221;default&#8221; phone_text_alignment=&#8221;default&#8221; animation_type=&#8221;default&#8221; bg_image_animation=&#8221;none&#8221; border_type=&#8221;simple&#8221; column_border_width=&#8221;none&#8221; column_border_style=&#8221;solid&#8221;][vc_row_inner content_placement=&#8221;middle&#8221; column_margin=&#8221;default&#8221; column_direction=&#8221;default&#8221; column_direction_tablet=&#8221;default&#8221; column_direction_phone=&#8221;default&#8221; text_align=&#8221;left&#8221; row_position=&#8221;default&#8221; row_position_tablet=&#8221;inherit&#8221; row_position_phone=&#8221;inherit&#8221; overflow=&#8221;visible&#8221; pointer_events=&#8221;all&#8221;][vc_column_inner column_padding=&#8221;no-extra-padding&#8221; column_padding_tablet=&#8221;inherit&#8221; column_padding_phone=&#8221;inherit&#8221; column_padding_position=&#8221;all&#8221; column_element_spacing=&#8221;default&#8221; centered_text=&#8221;true&#8221; background_color_opacity=&#8221;1&#8243; background_hover_color_opacity=&#8221;1&#8243; column_shadow=&#8221;none&#8221; column_border_radius=&#8221;none&#8221; column_link_target=&#8221;_self&#8221; advanced_gradient_angle=&#8221;0&#8243; gradient_direction=&#8221;left_to_right&#8221; overlay_strength=&#8221;0.3&#8243; width=&#8221;1\/1&#8243; tablet_width_inherit=&#8221;default&#8221; animation_type=&#8221;default&#8221; bg_image_animation=&#8221;none&#8221; border_type=&#8221;simple&#8221; column_border_width=&#8221;none&#8221; column_border_style=&#8221;solid&#8221; gradient_type=&#8221;default&#8221;][nectar_btn size=&#8221;large&#8221; button_style=&#8221;regular&#8221; button_color_2=&#8221;Accent-Color&#8221; icon_family=&#8221;none&#8221; text=&#8221;PARTECIPA ALL&#8217;OPEN DAY&#8221; url=&#8221;#openday&#8221;][\/vc_column_inner][\/vc_row_inner][\/vc_column][\/vc_row][vc_row type=&#8221;full_width_background&#8221; full_screen_row_position=&#8221;middle&#8221; column_margin=&#8221;default&#8221; column_direction=&#8221;default&#8221; column_direction_tablet=&#8221;default&#8221; column_direction_phone=&#8221;default&#8221; scene_position=&#8221;center&#8221; text_color=&#8221;dark&#8221; text_align=&#8221;left&#8221; row_border_radius=&#8221;none&#8221; row_border_radius_applies=&#8221;bg&#8221; overflow=&#8221;visible&#8221; id=&#8221;openday&#8221; advanced_gradient_angle=&#8221;0&#8243; overlay_strength=&#8221;0.3&#8243; gradient_direction=&#8221;left_to_right&#8221; shape_divider_position=&#8221;bottom&#8221; bg_image_animation=&#8221;none&#8221; gradient_type=&#8221;default&#8221; shape_type=&#8221;&#8221;][vc_column column_padding=&#8221;no-extra-padding&#8221; column_padding_tablet=&#8221;inherit&#8221; column_padding_phone=&#8221;inherit&#8221; column_padding_position=&#8221;all&#8221; column_element_spacing=&#8221;default&#8221; background_color_opacity=&#8221;1&#8243; background_hover_color_opacity=&#8221;1&#8243; column_shadow=&#8221;none&#8221; column_border_radius=&#8221;none&#8221; column_link_target=&#8221;_self&#8221; column_position=&#8221;default&#8221; gradient_direction=&#8221;left_to_right&#8221; overlay_strength=&#8221;0.3&#8243; width=&#8221;1\/1&#8243; tablet_width_inherit=&#8221;default&#8221; tablet_text_alignment=&#8221;default&#8221; phone_text_alignment=&#8221;default&#8221; animation_type=&#8221;default&#8221; bg_image_animation=&#8221;none&#8221; border_type=&#8221;simple&#8221; column_border_width=&#8221;none&#8221; column_border_style=&#8221;solid&#8221;][divider line_type=&#8221;No Line&#8221;][vc_column_text]\n<h2 style=\"text-align: center;\"><span style=\"color: #cf1523;\">Iscriviti all&#8217;Open Day<br \/>\n<\/span>Scuola superiore per Mediatori Linguistici di Pisa<\/h2>\n[\/vc_column_text][vc_raw_html]JTNDc2NyaXB0JTIwc3JjJTNEJTIyaHR0cHMlM0ElMkYlMkZqcy5oc2Zvcm1zLm5ldCUyRmZvcm1zJTJGZW1iZWQlMkY5MDI2NDkyLmpzJTIyJTIwZGVmZXIlM0UlM0MlMkZzY3JpcHQlM0UlMEElM0NkaXYlMjBjbGFzcyUzRCUyMmhzLWZvcm0tZnJhbWUlMjIlMjBkYXRhLXJlZ2lvbiUzRCUyMm5hMSUyMiUyMGRhdGEtZm9ybS1pZCUzRCUyMjg1ZTU1MDZlLTIxM2EtNGQ3YS04MDVjLTVmYjJlODhhNzE0MSUyMiUyMGRhdGEtcG9ydGFsLWlkJTNEJTIyOTAyNjQ5MiUyMiUzRSUzQyUyRmRpdiUzRQ==[\/vc_raw_html][divider line_type=&#8221;No Line&#8221;][\/vc_column][\/vc_row]\n","protected":false},"excerpt":{"rendered":"<p>[vc_row type=&#8221;full_width_background&#8221; full_screen_row_position=&#8221;middle&#8221; column_margin=&#8221;default&#8221; column_direction=&#8221;default&#8221; column_direction_tablet=&#8221;default&#8221; column_direction_phone=&#8221;default&#8221; bg_color=&#8221;#f6eeea&#8221; bg_image=&#8221;133&#8243; bg_image_tablet=&#8221;139&#8243; bg_image_phone=&#8221;142&#8243; bg_position=&#8221;center bottom&#8221; background_image_loading=&#8221;default&#8221; bg_repeat=&#8221;no-repeat&#8221; scene_position=&#8221;center&#8221; top_padding=&#8221;8%&#8221; bottom_padding=&#8221;10%&#8221; bottom_padding_phone=&#8221;20%&#8221; bottom_margin=&#8221;-5px&#8221; text_color=&#8221;dark&#8221; text_align=&#8221;left&#8221; row_border_radius=&#8221;none&#8221; row_border_radius_applies=&#8221;bg&#8221; overflow=&#8221;visible&#8221; advanced_gradient_angle=&#8221;0&#8243; overlay_strength=&#8221;0.3&#8243; gradient_direction=&#8221;left_to_right&#8221; shape_divider_position=&#8221;bottom&#8221; bg_image_animation=&#8221;none&#8221;&#8230;<\/p>\n","protected":false},"author":11,"featured_media":5085,"parent":0,"menu_order":0,"comment_status":"closed","ping_status":"closed","template":"","meta":{"content-type":"","slim_seo":{"title":"Open Day Laurea Triennale in Scienze della Mediazione Linguistica","description":"Iscriviti agli open day della Laurea Triennale in Scienze della Mediazione Linguistica l'8 luglio e il 14 luglio"},"footnotes":""},"class_list":["post-8145","page","type-page","status-publish","has-post-thumbnail"],"yoast_head":"<!-- This site is optimized with the Yoast SEO plugin v24.9 - https:\/\/yoast.com\/wordpress\/plugins\/seo\/ -->\n<title>Open Day Laurea Triennale in Scienze della Mediazione Linguistica - Scuola Superiore per Mediatori Linguistici di Pisa<\/title>\n<meta name=\"description\" content=\"La laurea triennale in Mediazione Linguistica sviluppa capacit\u00e0 e competenze trasversali grazie ai 5 piani di studio\" \/>\n<meta name=\"robots\" content=\"index, follow, max-snippet:-1, max-image-preview:large, max-video-preview:-1\" \/>\n<link rel=\"canonical\" href=\"https:\/\/www.mediazionelinguistica.it\/open-day-laurea-triennale-in-scienze-della-mediazione-linguistica\/\" \/>\n<meta property=\"og:locale\" content=\"en_US\" \/>\n<meta property=\"og:type\" content=\"article\" \/>\n<meta property=\"og:title\" content=\"Open Day Laurea Triennale in Scienze della Mediazione Linguistica - Scuola Superiore per Mediatori Linguistici di Pisa\" \/>\n<meta property=\"og:description\" content=\"La laurea triennale in Mediazione Linguistica sviluppa capacit\u00e0 e competenze trasversali grazie ai 5 piani di studio\" \/>\n<meta property=\"og:url\" content=\"https:\/\/www.mediazionelinguistica.it\/open-day-laurea-triennale-in-scienze-della-mediazione-linguistica\/\" \/>\n<meta property=\"og:site_name\" content=\"Scuola Superiore per Mediatori Linguistici di Pisa\" \/>\n<meta property=\"article:publisher\" content=\"https:\/\/www.facebook.com\/Ssmlpisa\" \/>\n<meta property=\"article:modified_time\" content=\"2026-04-03T13:22:13+00:00\" \/>\n<meta property=\"og:image\" content=\"https:\/\/www.mediazionelinguistica.it\/wp-content\/uploads\/2023\/05\/cropped-Logo-SSML-2023.png\" \/>\n\t<meta property=\"og:image:width\" content=\"512\" \/>\n\t<meta property=\"og:image:height\" content=\"512\" \/>\n\t<meta property=\"og:image:type\" content=\"image\/png\" \/>\n<meta name=\"twitter:card\" content=\"summary_large_image\" \/>\n<meta name=\"twitter:label1\" content=\"Est. reading time\" \/>\n\t<meta name=\"twitter:data1\" content=\"28 minutes\" \/>\n<script type=\"application\/ld+json\" class=\"yoast-schema-graph\">{\"@context\":\"https:\/\/schema.org\",\"@graph\":[{\"@type\":\"WebPage\",\"@id\":\"https:\/\/www.mediazionelinguistica.it\/open-day-laurea-triennale-in-scienze-della-mediazione-linguistica\/\",\"url\":\"https:\/\/www.mediazionelinguistica.it\/open-day-laurea-triennale-in-scienze-della-mediazione-linguistica\/\",\"name\":\"Open Day Laurea Triennale in Scienze della Mediazione Linguistica - Scuola Superiore per Mediatori Linguistici di Pisa\",\"isPartOf\":{\"@id\":\"https:\/\/www.mediazionelinguistica.it\/#website\"},\"primaryImageOfPage\":{\"@id\":\"https:\/\/www.mediazionelinguistica.it\/open-day-laurea-triennale-in-scienze-della-mediazione-linguistica\/#primaryimage\"},\"image\":{\"@id\":\"https:\/\/www.mediazionelinguistica.it\/open-day-laurea-triennale-in-scienze-della-mediazione-linguistica\/#primaryimage\"},\"thumbnailUrl\":\"https:\/\/www.mediazionelinguistica.it\/wp-content\/uploads\/2023\/05\/cropped-Logo-SSML-2023.png\",\"datePublished\":\"2025-06-10T10:20:50+00:00\",\"dateModified\":\"2026-04-03T13:22:13+00:00\",\"description\":\"La laurea triennale in Mediazione Linguistica sviluppa capacit\u00e0 e competenze trasversali grazie ai 5 piani di studio\",\"breadcrumb\":{\"@id\":\"https:\/\/www.mediazionelinguistica.it\/open-day-laurea-triennale-in-scienze-della-mediazione-linguistica\/#breadcrumb\"},\"inLanguage\":\"en-US\",\"potentialAction\":[{\"@type\":\"ReadAction\",\"target\":[\"https:\/\/www.mediazionelinguistica.it\/open-day-laurea-triennale-in-scienze-della-mediazione-linguistica\/\"]}]},{\"@type\":\"ImageObject\",\"inLanguage\":\"en-US\",\"@id\":\"https:\/\/www.mediazionelinguistica.it\/open-day-laurea-triennale-in-scienze-della-mediazione-linguistica\/#primaryimage\",\"url\":\"https:\/\/www.mediazionelinguistica.it\/wp-content\/uploads\/2023\/05\/cropped-Logo-SSML-2023.png\",\"contentUrl\":\"https:\/\/www.mediazionelinguistica.it\/wp-content\/uploads\/2023\/05\/cropped-Logo-SSML-2023.png\",\"width\":512,\"height\":512},{\"@type\":\"BreadcrumbList\",\"@id\":\"https:\/\/www.mediazionelinguistica.it\/open-day-laurea-triennale-in-scienze-della-mediazione-linguistica\/#breadcrumb\",\"itemListElement\":[{\"@type\":\"ListItem\",\"position\":1,\"name\":\"Home\",\"item\":\"https:\/\/www.mediazionelinguistica.it\/en\/\"},{\"@type\":\"ListItem\",\"position\":2,\"name\":\"Open Day Laurea Triennale in Scienze della Mediazione Linguistica\"}]},{\"@type\":\"WebSite\",\"@id\":\"https:\/\/www.mediazionelinguistica.it\/#website\",\"url\":\"https:\/\/www.mediazionelinguistica.it\/\",\"name\":\"Scuola Superiore per Mediatori Linguistici di Pisa\",\"description\":\"Corso Laurea triennale e magistrale mediazione linguistica\",\"publisher\":{\"@id\":\"https:\/\/www.mediazionelinguistica.it\/#organization\"},\"potentialAction\":[{\"@type\":\"SearchAction\",\"target\":{\"@type\":\"EntryPoint\",\"urlTemplate\":\"https:\/\/www.mediazionelinguistica.it\/?s={search_term_string}\"},\"query-input\":{\"@type\":\"PropertyValueSpecification\",\"valueRequired\":true,\"valueName\":\"search_term_string\"}}],\"inLanguage\":\"en-US\"},{\"@type\":\"Organization\",\"@id\":\"https:\/\/www.mediazionelinguistica.it\/#organization\",\"name\":\"Scuola Superiore per Mediatori Linguistici di Pisa\",\"url\":\"https:\/\/www.mediazionelinguistica.it\/\",\"logo\":{\"@type\":\"ImageObject\",\"inLanguage\":\"en-US\",\"@id\":\"https:\/\/www.mediazionelinguistica.it\/#\/schema\/logo\/image\/\",\"url\":\"http:\/\/www.mediazionelinguistica.it\/wp-content\/uploads\/2023\/05\/cropped-Logo-SSML-2023_sfondo-trasparente.png\",\"contentUrl\":\"http:\/\/www.mediazionelinguistica.it\/wp-content\/uploads\/2023\/05\/cropped-Logo-SSML-2023_sfondo-trasparente.png\",\"width\":512,\"height\":512,\"caption\":\"Scuola Superiore per Mediatori Linguistici di Pisa\"},\"image\":{\"@id\":\"https:\/\/www.mediazionelinguistica.it\/#\/schema\/logo\/image\/\"},\"sameAs\":[\"https:\/\/www.facebook.com\/Ssmlpisa\",\"https:\/\/www.instagram.com\/ssmlpisa\/\",\"https:\/\/www.tiktok.com\/@ssml_pisa\"]}]}<\/script>\n<!-- \/ Yoast SEO plugin. -->","yoast_head_json":{"title":"Open Day Laurea Triennale in Scienze della Mediazione Linguistica - Scuola Superiore per Mediatori Linguistici di Pisa","description":"La laurea triennale in Mediazione Linguistica sviluppa capacit\u00e0 e competenze trasversali grazie ai 5 piani di studio","robots":{"index":"index","follow":"follow","max-snippet":"max-snippet:-1","max-image-preview":"max-image-preview:large","max-video-preview":"max-video-preview:-1"},"canonical":"https:\/\/www.mediazionelinguistica.it\/open-day-laurea-triennale-in-scienze-della-mediazione-linguistica\/","og_locale":"en_US","og_type":"article","og_title":"Open Day Laurea Triennale in Scienze della Mediazione Linguistica - Scuola Superiore per Mediatori Linguistici di Pisa","og_description":"La laurea triennale in Mediazione Linguistica sviluppa capacit\u00e0 e competenze trasversali grazie ai 5 piani di studio","og_url":"https:\/\/www.mediazionelinguistica.it\/open-day-laurea-triennale-in-scienze-della-mediazione-linguistica\/","og_site_name":"Scuola Superiore per Mediatori Linguistici di Pisa","article_publisher":"https:\/\/www.facebook.com\/Ssmlpisa","article_modified_time":"2026-04-03T13:22:13+00:00","og_image":[{"width":512,"height":512,"url":"https:\/\/www.mediazionelinguistica.it\/wp-content\/uploads\/2023\/05\/cropped-Logo-SSML-2023.png","type":"image\/png"}],"twitter_card":"summary_large_image","twitter_misc":{"Est. reading time":"28 minutes"},"schema":{"@context":"https:\/\/schema.org","@graph":[{"@type":"WebPage","@id":"https:\/\/www.mediazionelinguistica.it\/open-day-laurea-triennale-in-scienze-della-mediazione-linguistica\/","url":"https:\/\/www.mediazionelinguistica.it\/open-day-laurea-triennale-in-scienze-della-mediazione-linguistica\/","name":"Open Day Laurea Triennale in Scienze della Mediazione Linguistica - Scuola Superiore per Mediatori Linguistici di Pisa","isPartOf":{"@id":"https:\/\/www.mediazionelinguistica.it\/#website"},"primaryImageOfPage":{"@id":"https:\/\/www.mediazionelinguistica.it\/open-day-laurea-triennale-in-scienze-della-mediazione-linguistica\/#primaryimage"},"image":{"@id":"https:\/\/www.mediazionelinguistica.it\/open-day-laurea-triennale-in-scienze-della-mediazione-linguistica\/#primaryimage"},"thumbnailUrl":"https:\/\/www.mediazionelinguistica.it\/wp-content\/uploads\/2023\/05\/cropped-Logo-SSML-2023.png","datePublished":"2025-06-10T10:20:50+00:00","dateModified":"2026-04-03T13:22:13+00:00","description":"La laurea triennale in Mediazione Linguistica sviluppa capacit\u00e0 e competenze trasversali grazie ai 5 piani di studio","breadcrumb":{"@id":"https:\/\/www.mediazionelinguistica.it\/open-day-laurea-triennale-in-scienze-della-mediazione-linguistica\/#breadcrumb"},"inLanguage":"en-US","potentialAction":[{"@type":"ReadAction","target":["https:\/\/www.mediazionelinguistica.it\/open-day-laurea-triennale-in-scienze-della-mediazione-linguistica\/"]}]},{"@type":"ImageObject","inLanguage":"en-US","@id":"https:\/\/www.mediazionelinguistica.it\/open-day-laurea-triennale-in-scienze-della-mediazione-linguistica\/#primaryimage","url":"https:\/\/www.mediazionelinguistica.it\/wp-content\/uploads\/2023\/05\/cropped-Logo-SSML-2023.png","contentUrl":"https:\/\/www.mediazionelinguistica.it\/wp-content\/uploads\/2023\/05\/cropped-Logo-SSML-2023.png","width":512,"height":512},{"@type":"BreadcrumbList","@id":"https:\/\/www.mediazionelinguistica.it\/open-day-laurea-triennale-in-scienze-della-mediazione-linguistica\/#breadcrumb","itemListElement":[{"@type":"ListItem","position":1,"name":"Home","item":"https:\/\/www.mediazionelinguistica.it\/en\/"},{"@type":"ListItem","position":2,"name":"Open Day Laurea Triennale in Scienze della Mediazione Linguistica"}]},{"@type":"WebSite","@id":"https:\/\/www.mediazionelinguistica.it\/#website","url":"https:\/\/www.mediazionelinguistica.it\/","name":"Scuola Superiore per Mediatori Linguistici di Pisa","description":"Corso Laurea triennale e magistrale mediazione linguistica","publisher":{"@id":"https:\/\/www.mediazionelinguistica.it\/#organization"},"potentialAction":[{"@type":"SearchAction","target":{"@type":"EntryPoint","urlTemplate":"https:\/\/www.mediazionelinguistica.it\/?s={search_term_string}"},"query-input":{"@type":"PropertyValueSpecification","valueRequired":true,"valueName":"search_term_string"}}],"inLanguage":"en-US"},{"@type":"Organization","@id":"https:\/\/www.mediazionelinguistica.it\/#organization","name":"Scuola Superiore per Mediatori Linguistici di Pisa","url":"https:\/\/www.mediazionelinguistica.it\/","logo":{"@type":"ImageObject","inLanguage":"en-US","@id":"https:\/\/www.mediazionelinguistica.it\/#\/schema\/logo\/image\/","url":"http:\/\/www.mediazionelinguistica.it\/wp-content\/uploads\/2023\/05\/cropped-Logo-SSML-2023_sfondo-trasparente.png","contentUrl":"http:\/\/www.mediazionelinguistica.it\/wp-content\/uploads\/2023\/05\/cropped-Logo-SSML-2023_sfondo-trasparente.png","width":512,"height":512,"caption":"Scuola Superiore per Mediatori Linguistici di Pisa"},"image":{"@id":"https:\/\/www.mediazionelinguistica.it\/#\/schema\/logo\/image\/"},"sameAs":["https:\/\/www.facebook.com\/Ssmlpisa","https:\/\/www.instagram.com\/ssmlpisa\/","https:\/\/www.tiktok.com\/@ssml_pisa"]}]}},"_links":{"self":[{"href":"https:\/\/www.mediazionelinguistica.it\/en\/wp-json\/wp\/v2\/pages\/8145","targetHints":{"allow":["GET"]}}],"collection":[{"href":"https:\/\/www.mediazionelinguistica.it\/en\/wp-json\/wp\/v2\/pages"}],"about":[{"href":"https:\/\/www.mediazionelinguistica.it\/en\/wp-json\/wp\/v2\/types\/page"}],"author":[{"embeddable":true,"href":"https:\/\/www.mediazionelinguistica.it\/en\/wp-json\/wp\/v2\/users\/11"}],"replies":[{"embeddable":true,"href":"https:\/\/www.mediazionelinguistica.it\/en\/wp-json\/wp\/v2\/comments?post=8145"}],"version-history":[{"count":98,"href":"https:\/\/www.mediazionelinguistica.it\/en\/wp-json\/wp\/v2\/pages\/8145\/revisions"}],"predecessor-version":[{"id":9870,"href":"https:\/\/www.mediazionelinguistica.it\/en\/wp-json\/wp\/v2\/pages\/8145\/revisions\/9870"}],"wp:featuredmedia":[{"embeddable":true,"href":"https:\/\/www.mediazionelinguistica.it\/en\/wp-json\/wp\/v2\/media\/5085"}],"wp:attachment":[{"href":"https:\/\/www.mediazionelinguistica.it\/en\/wp-json\/wp\/v2\/media?parent=8145"}],"curies":[{"name":"wp","href":"https:\/\/api.w.org\/{rel}","templated":true}]}}